{"id":14936,"date":"2018-09-12T11:24:21","date_gmt":"2018-09-12T14:24:21","guid":{"rendered":"https:\/\/www.csem.org.br\/?page_id=14936"},"modified":"2018-09-12T11:24:21","modified_gmt":"2018-09-12T14:24:21","slug":"editoriais","status":"publish","type":"page","link":"https:\/\/www.csem.org.br\/pt_br\/editoriais\/","title":{"rendered":"Editoriais"},"content":{"rendered":"<p>[fusion_builder_container hundred_percent=&#8221;no&#8221; hundred_percent_height=&#8221;no&#8221; hundred_percent_height_scroll=&#8221;no&#8221; hundred_percent_height_center_content=&#8221;yes&#8221; equal_height_columns=&#8221;no&#8221; menu_anchor=&#8221;&#8221; hide_on_mobile=&#8221;small-visibility,medium-visibility,large-visibility&#8221; class=&#8221;mobileMenu&#8221; id=&#8221;&#8221; background_color=&#8221;&#8221; background_image=&#8221;&#8221; background_position=&#8221;center center&#8221; background_repeat=&#8221;no-repeat&#8221; fade=&#8221;no&#8221; background_parallax=&#8221;none&#8221; enable_mobile=&#8221;no&#8221; parallax_speed=&#8221;0.3&#8243; video_mp4=&#8221;&#8221; video_webm=&#8221;&#8221; video_ogv=&#8221;&#8221; video_url=&#8221;&#8221; video_aspect_ratio=&#8221;16:9&#8243; video_loop=&#8221;yes&#8221; video_mute=&#8221;yes&#8221; video_preview_image=&#8221;&#8221; border_size=&#8221;&#8221; border_color=&#8221;&#8221; border_style=&#8221;solid&#8221; margin_top=&#8221;&#8221; margin_bottom=&#8221;&#8221; padding_top=&#8221;&#8221; padding_right=&#8221;&#8221; padding_bottom=&#8221;&#8221; padding_left=&#8221;&#8221;][fusion_builder_row][fusion_builder_column type=&#8221;1_1&#8243; layout=&#8221;1_1&#8243; spacing=&#8221;&#8221; center_content=&#8221;no&#8221; link=&#8221;&#8221; target=&#8221;_self&#8221; min_height=&#8221;&#8221; hide_on_mobile=&#8221;small-visibility,medium-visibility,large-visibility&#8221; class=&#8221;&#8221; id=&#8221;&#8221; background_color=&#8221;&#8221; background_image=&#8221;&#8221; background_position=&#8221;left top&#8221; background_repeat=&#8221;no-repeat&#8221; hover_type=&#8221;none&#8221; border_size=&#8221;0&#8243; border_color=&#8221;&#8221; border_style=&#8221;solid&#8221; border_position=&#8221;all&#8221; padding_top=&#8221;&#8221; padding_right=&#8221;&#8221; padding_bottom=&#8221;&#8221; padding_left=&#8221;&#8221; dimension_margin=&#8221;&#8221; animation_type=&#8221;&#8221; animation_direction=&#8221;left&#8221; animation_speed=&#8221;0.3&#8243; animation_offset=&#8221;&#8221; last=&#8221;no&#8221;][fusion_code]W3NoaWZ0bmF2X3RvZ2dsZSB0YXJnZXQ9JnF1b3Q7YXJ0aWdvcyZxdW90OyBjbGFzcz0mcXVvdDtzaGlmdG5hdi10b2dnbGUtYnV0dG9uJnF1b3Q7IGljb249JnF1b3Q7YmFycyZxdW90O11TYWliYSBtYWlzWy9zaGlmdG5hdl90b2dnbGVd[\/fusion_code][\/fusion_builder_column][\/fusion_builder_row][\/fusion_builder_container][fusion_builder_container hundred_percent=&#8221;no&#8221; hundred_percent_height=&#8221;no&#8221; hundred_percent_height_scroll=&#8221;no&#8221; hundred_percent_height_center_content=&#8221;yes&#8221; equal_height_columns=&#8221;no&#8221; menu_anchor=&#8221;&#8221; hide_on_mobile=&#8221;small-visibility,medium-visibility,large-visibility&#8221; class=&#8221;&#8221; id=&#8221;&#8221; background_color=&#8221;#ffffff&#8221; background_image=&#8221;&#8221; background_position=&#8221;center center&#8221; background_repeat=&#8221;no-repeat&#8221; fade=&#8221;no&#8221; background_parallax=&#8221;none&#8221; enable_mobile=&#8221;no&#8221; parallax_speed=&#8221;0.3&#8243; video_mp4=&#8221;&#8221; video_webm=&#8221;&#8221; video_ogv=&#8221;&#8221; video_url=&#8221;&#8221; video_aspect_ratio=&#8221;16:9&#8243; video_loop=&#8221;yes&#8221; video_mute=&#8221;yes&#8221; video_preview_image=&#8221;&#8221; border_size=&#8221;&#8221; border_color=&#8221;&#8221; border_style=&#8221;solid&#8221; margin_top=&#8221;&#8221; margin_bottom=&#8221;&#8221; padding_top=&#8221;30px&#8221; padding_right=&#8221;30px&#8221; padding_bottom=&#8221;&#8221; padding_left=&#8221;30px&#8221;][fusion_builder_row][fusion_builder_column type=&#8221;1_1&#8243; layout=&#8221;1_1&#8243; spacing=&#8221;&#8221; center_content=&#8221;no&#8221; link=&#8221;&#8221; target=&#8221;_self&#8221; min_height=&#8221;&#8221; hide_on_mobile=&#8221;small-visibility,medium-visibility,large-visibility&#8221; class=&#8221;&#8221; id=&#8221;&#8221; background_color=&#8221;&#8221; background_image=&#8221;&#8221; background_position=&#8221;left top&#8221; background_repeat=&#8221;no-repeat&#8221; hover_type=&#8221;none&#8221; border_size=&#8221;0&#8243; border_color=&#8221;&#8221; border_style=&#8221;solid&#8221; border_position=&#8221;all&#8221; padding_top=&#8221;&#8221; padding_right=&#8221;&#8221; padding_bottom=&#8221;&#8221; padding_left=&#8221;&#8221; dimension_margin=&#8221;&#8221; animation_type=&#8221;&#8221; animation_direction=&#8221;left&#8221; animation_speed=&#8221;0.3&#8243; animation_offset=&#8221;&#8221; last=&#8221;no&#8221;][fusion_text]<\/p>\n<p>A Resenha Migra\u00e7\u00f5es na Atualidade \u00e9 uma publica\u00e7\u00e3o\u00a0eletr\u00f4nica trimestral do CSEM, na qual se faz uma colet\u00e2nea tem\u00e1tica de an\u00e1lises e reflex\u00f5es divulgadas na m\u00eddia sobre a mobilidade humana e temas afins.<\/p>\n<p>Nesta publica\u00e7\u00e3o encontram-se as tem\u00e1ticas: Migra\u00e7\u00e3o de Mulheres, Migra\u00e7\u00e3o e Religi\u00e3o, Tr\u00e1fico de Pessoas e uma sess\u00e3o em aberto, a qual abarca um tema emergente, a depender do contexto espec\u00edfico. As not\u00edcias s\u00e3o apresentadas sempre em quatro idiomas: italiano, portugu\u00eas, ingl\u00eas e espanhol.<\/p>\n<p>Inscreva-se na mailing list do CSEM e receba a resenha eletr\u00f4nica gratuitamente.<\/p>\n<p><strong>Leia as \u00faltimas resenhas:<\/strong><\/p>\n<p>[\/fusion_text][\/fusion_builder_column][\/fusion_builder_row][\/fusion_builder_container][fusion_builder_container hundred_percent=&#8221;no&#8221; hundred_percent_height=&#8221;no&#8221; hundred_percent_height_scroll=&#8221;no&#8221; hundred_percent_height_center_content=&#8221;yes&#8221; equal_height_columns=&#8221;no&#8221; menu_anchor=&#8221;&#8221; hide_on_mobile=&#8221;small-visibility,medium-visibility,large-visibility&#8221; class=&#8221;edits&#8221; id=&#8221;&#8221; background_color=&#8221;#ffffff&#8221; background_image=&#8221;&#8221; background_position=&#8221;center center&#8221; background_repeat=&#8221;no-repeat&#8221; fade=&#8221;no&#8221; background_parallax=&#8221;none&#8221; enable_mobile=&#8221;no&#8221; parallax_speed=&#8221;0.3&#8243; video_mp4=&#8221;&#8221; video_webm=&#8221;&#8221; video_ogv=&#8221;&#8221; video_url=&#8221;&#8221; video_aspect_ratio=&#8221;16:9&#8243; video_loop=&#8221;yes&#8221; video_mute=&#8221;yes&#8221; video_preview_image=&#8221;&#8221; border_size=&#8221;&#8221; border_color=&#8221;&#8221; border_style=&#8221;solid&#8221; margin_top=&#8221;&#8221; margin_bottom=&#8221;&#8221; padding_top=&#8221;10px&#8221; padding_right=&#8221;30px&#8221; padding_bottom=&#8221;&#8221; padding_left=&#8221;30px&#8221;][fusion_builder_row][fusion_builder_column type=&#8221;1_1&#8243; layout=&#8221;1_1&#8243; spacing=&#8221;&#8221; center_content=&#8221;no&#8221; link=&#8221;&#8221; target=&#8221;_self&#8221; min_height=&#8221;&#8221; hide_on_mobile=&#8221;small-visibility,medium-visibility,large-visibility&#8221; class=&#8221;&#8221; id=&#8221;&#8221; background_color=&#8221;&#8221; background_image=&#8221;&#8221; background_position=&#8221;left top&#8221; background_repeat=&#8221;no-repeat&#8221; hover_type=&#8221;none&#8221; border_size=&#8221;0&#8243; border_color=&#8221;&#8221; border_style=&#8221;solid&#8221; border_position=&#8221;all&#8221; padding_top=&#8221;&#8221; padding_right=&#8221;&#8221; padding_bottom=&#8221;&#8221; padding_left=&#8221;&#8221; dimension_margin=&#8221;&#8221; animation_type=&#8221;&#8221; animation_direction=&#8221;left&#8221; animation_speed=&#8221;0.3&#8243; animation_offset=&#8221;&#8221; last=&#8221;no&#8221;][fusion_text]<\/p>\n<h2><span style=\"color: #34b163;\">2017<\/span><\/h2>\n<ul>\n<li>\u00a0&#8220;O poder da cultura: migra\u00e7\u00f5es como oportunidade intercultural&#8221; Resenha 109 &#8211; 4\u00b0 trimestre de 2017.\u00a0<a href=\"https:\/\/www.csem.org.br\/wp-content\/uploads\/2018\/09\/Resenha_n__109_-_Dezembro_2017.pdf\" target=\"_blank\" rel=\"noopener\">pdf\u00a0<\/a><\/li>\n<li>\n<div>&#8220;O compromisso das religi\u00f5es junto aos migrantes&#8221; &#8211; Resenha 108 &#8211; 3\u00b0 trimestre de 2017.\u00a0<a href=\"https:\/\/www.csem.org.br\/wp-content\/uploads\/2018\/09\/Resenha_n__108_-_Setembro_2017.pdf\" target=\"_blank\" rel=\"noopener\">pdf<\/a><\/div>\n<\/li>\n<li>&#8220;Criminaliza\u00e7\u00e3o das migra\u00e7\u00f5es e tr\u00e1fico de pessoas: um ciclo vicioso&#8221; &#8211; Resenha 107 &#8211; 2\u00b0 trimestre de 2017.\u00a0<a href=\"https:\/\/www.csem.org.br\/wp-content\/uploads\/2018\/09\/Resenha_n__107_-_Junho_2017.pdf\" target=\"_blank\" rel=\"noopener\">pdf\u00a0<\/a><\/li>\n<li>&#8220;Mulheres migrantes e refugiadas: riscos e prote\u00e7\u00e3o no contexto da viol\u00eancia de g\u00eanero&#8221; &#8211; Resenha 106 &#8211; 1\u00b0 trimestre de 2017.\u00a0<a href=\"https:\/\/www.csem.org.br\/wp-content\/uploads\/2018\/09\/Resenha_n__106_-_Mar\u00e7o_2017.pdf\" target=\"_blank\" rel=\"noopener\">pdf<\/a><\/li>\n<\/ul>\n<p>[\/fusion_text][\/fusion_builder_column][\/fusion_builder_row][\/fusion_builder_container][fusion_builder_container hundred_percent=&#8221;no&#8221; hundred_percent_height=&#8221;no&#8221; hundred_percent_height_scroll=&#8221;no&#8221; hundred_percent_height_center_content=&#8221;yes&#8221; equal_height_columns=&#8221;no&#8221; menu_anchor=&#8221;&#8221; hide_on_mobile=&#8221;small-visibility,medium-visibility,large-visibility&#8221; class=&#8221;edits&#8221; id=&#8221;&#8221; background_color=&#8221;#ffffff&#8221; background_image=&#8221;&#8221; background_position=&#8221;center center&#8221; background_repeat=&#8221;no-repeat&#8221; fade=&#8221;no&#8221; background_parallax=&#8221;none&#8221; enable_mobile=&#8221;no&#8221; parallax_speed=&#8221;0.3&#8243; video_mp4=&#8221;&#8221; video_webm=&#8221;&#8221; video_ogv=&#8221;&#8221; video_url=&#8221;&#8221; video_aspect_ratio=&#8221;16:9&#8243; video_loop=&#8221;yes&#8221; video_mute=&#8221;yes&#8221; video_preview_image=&#8221;&#8221; border_size=&#8221;&#8221; border_color=&#8221;&#8221; border_style=&#8221;solid&#8221; margin_top=&#8221;&#8221; margin_bottom=&#8221;&#8221; padding_top=&#8221;10px&#8221; padding_right=&#8221;30px&#8221; padding_bottom=&#8221;&#8221; padding_left=&#8221;30px&#8221;][fusion_builder_row][fusion_builder_column type=&#8221;1_1&#8243; layout=&#8221;1_1&#8243; spacing=&#8221;&#8221; center_content=&#8221;no&#8221; link=&#8221;&#8221; target=&#8221;_self&#8221; min_height=&#8221;&#8221; hide_on_mobile=&#8221;small-visibility,medium-visibility,large-visibility&#8221; class=&#8221;&#8221; id=&#8221;&#8221; background_color=&#8221;&#8221; background_image=&#8221;&#8221; background_position=&#8221;left top&#8221; background_repeat=&#8221;no-repeat&#8221; hover_type=&#8221;none&#8221; border_size=&#8221;0&#8243; border_color=&#8221;&#8221; border_style=&#8221;solid&#8221; border_position=&#8221;all&#8221; animation_type=&#8221;&#8221; animation_direction=&#8221;left&#8221; animation_speed=&#8221;0.3&#8243; animation_offset=&#8221;&#8221; last=&#8221;no&#8221;][fusion_text]<\/p>\n<h2><span style=\"color: #34b163;\">2016<\/span><\/h2>\n<ul>\n<li>\u201cPor um olhar mais humano sobre as mulheres migrantes\u201d \u2013 Resenha 105 \u2013 4\u00b0 trimestre de 2016.\u00a0<a href=\"https:\/\/www.csem.org.br\/wp-content\/uploads\/2018\/09\/Resenha_n__105_-_Novembro_2016-1.pdf\" target=\"_blank\" rel=\"noopener\">pdf<\/a><\/li>\n<li>\u201cMobilidade humana: entre fronteiras e muros\u201d \u2013 Resenha 104 \u2013 3\u00b0 trimestre de 2016.<a href=\"https:\/\/www.csem.org.br\/wp-content\/uploads\/2018\/09\/Resenha_n__104_-_Setembro_2016.pdf\" target=\"_blank\" rel=\"noopener\">\u00a0pdf<\/a><\/li>\n<li>\u201cOs paradoxos da escravid\u00e3o moderna\u201d \u2013 Resenha 103 \u2013 2\u00b0 trimestre de 2016.\u00a0<a href=\"https:\/\/www.csem.org.br\/wp-content\/uploads\/2018\/09\/Resenha_n__103_-_Junho_2016.pdf\" target=\"_blank\" rel=\"noopener\">pdf<\/a><\/li>\n<li>\u201cA di\u00e1spora mu\u00e7ulmana para al\u00e9m dos estere\u00f3tipos\u201d \u2013 Resenha 102 \u2013 1\u00b0 trimestre de 2016.\u00a0<a href=\"https:\/\/www.csem.org.br\/wp-content\/uploads\/2018\/09\/Resenha_n__102_-_Mar\u00e7o_2016.pdf\" target=\"_blank\" rel=\"noopener\">pdf<\/a><\/li>\n<\/ul>\n<p>[\/fusion_text][\/fusion_builder_column][\/fusion_builder_row][\/fusion_builder_container][fusion_builder_container hundred_percent=&#8221;no&#8221; hundred_percent_height=&#8221;no&#8221; hundred_percent_height_scroll=&#8221;no&#8221; hundred_percent_height_center_content=&#8221;yes&#8221; equal_height_columns=&#8221;no&#8221; menu_anchor=&#8221;&#8221; hide_on_mobile=&#8221;small-visibility,medium-visibility,large-visibility&#8221; class=&#8221;edits&#8221; id=&#8221;&#8221; background_color=&#8221;#ffffff&#8221; background_image=&#8221;&#8221; background_position=&#8221;center center&#8221; background_repeat=&#8221;no-repeat&#8221; fade=&#8221;no&#8221; background_parallax=&#8221;none&#8221; enable_mobile=&#8221;no&#8221; parallax_speed=&#8221;0.3&#8243; video_mp4=&#8221;&#8221; video_webm=&#8221;&#8221; video_ogv=&#8221;&#8221; video_url=&#8221;&#8221; video_aspect_ratio=&#8221;16:9&#8243; video_loop=&#8221;yes&#8221; video_mute=&#8221;yes&#8221; video_preview_image=&#8221;&#8221; border_size=&#8221;&#8221; border_color=&#8221;&#8221; border_style=&#8221;solid&#8221; margin_top=&#8221;&#8221; margin_bottom=&#8221;&#8221; padding_top=&#8221;10px&#8221; padding_right=&#8221;30px&#8221; padding_bottom=&#8221;&#8221; padding_left=&#8221;30px&#8221;][fusion_builder_row][fusion_builder_column type=&#8221;1_1&#8243; layout=&#8221;1_1&#8243; spacing=&#8221;&#8221; center_content=&#8221;no&#8221; link=&#8221;&#8221; target=&#8221;_self&#8221; min_height=&#8221;&#8221; hide_on_mobile=&#8221;small-visibility,medium-visibility,large-visibility&#8221; class=&#8221;&#8221; id=&#8221;&#8221; background_color=&#8221;&#8221; background_image=&#8221;&#8221; background_position=&#8221;left top&#8221; background_repeat=&#8221;no-repeat&#8221; hover_type=&#8221;none&#8221; border_size=&#8221;0&#8243; border_color=&#8221;&#8221; border_style=&#8221;solid&#8221; border_position=&#8221;all&#8221; animation_type=&#8221;&#8221; animation_direction=&#8221;left&#8221; animation_speed=&#8221;0.3&#8243; animation_offset=&#8221;&#8221; last=&#8221;no&#8221;][fusion_text]<\/p>\n<h2 class=\"result-title\"><span style=\"color: #34b163;\">2015<\/span><\/h2>\n<ul>\n<li>&#8220;Dignidade humana e mulheres migrantes &#8211; Resenha 101 &#8211; 4\u00b0 trimestre de 2015.\u00a0<a href=\"https:\/\/www.csem.org.br\/wp-content\/uploads\/2018\/09\/Resenha_n__101_-_Dezembro_2015.pdf\" target=\"_blank\" rel=\"noopener\">pdf<\/a><\/li>\n<li>&#8220;M\u00eddia e migra\u00e7\u00f5es: entre discursos e estere\u00f3tipos&#8221;\u00a0\u00a0&#8211; Resenha 100 &#8211; 3\u00b0 trimestre de 2015.\u00a0<a href=\"https:\/\/www.csem.org.br\/wp-content\/uploads\/2018\/09\/Resenha_n__100_-_Setembro_2015_vers\u00e3o_final_.pdf\" target=\"_blank\" rel=\"noopener\">pdf<\/a><\/li>\n<li>&#8220;Tr\u00e1fico de pessoas e pol\u00edticas migrat\u00f3rias&#8221; &#8211; Resenha 99 &#8211; 2\u00b0 trimestre de 2015.\u00a0<a href=\"https:\/\/www.csem.org.br\/wp-content\/uploads\/2018\/09\/Resenha_n__99_-_Junho_2015.pdf\" target=\"_blank\" rel=\"noopener\">pdf<\/a><\/li>\n<li>&#8220;Migra\u00e7\u00f5es, religi\u00f5es e viol\u00eancia&#8221; &#8211; Resenha 98 &#8211; 1\u00b0 trimestre de 2015.\u00a0<a href=\"https:\/\/www.csem.org.br\/wp-content\/uploads\/2018\/09\/Resenha_n__98_-_Mar\u00e7o_2015.pdf\" target=\"_blank\" rel=\"noopener\">pdf<\/a><\/li>\n<\/ul>\n<p>[\/fusion_text][\/fusion_builder_column][\/fusion_builder_row][\/fusion_builder_container][fusion_builder_container hundred_percent=&#8221;no&#8221; hundred_percent_height=&#8221;no&#8221; hundred_percent_height_scroll=&#8221;no&#8221; hundred_percent_height_center_content=&#8221;yes&#8221; equal_height_columns=&#8221;no&#8221; menu_anchor=&#8221;&#8221; hide_on_mobile=&#8221;small-visibility,medium-visibility,large-visibility&#8221; class=&#8221;edits&#8221; id=&#8221;&#8221; background_color=&#8221;#ffffff&#8221; background_image=&#8221;&#8221; background_position=&#8221;center center&#8221; background_repeat=&#8221;no-repeat&#8221; fade=&#8221;no&#8221; background_parallax=&#8221;none&#8221; enable_mobile=&#8221;no&#8221; parallax_speed=&#8221;0.3&#8243; video_mp4=&#8221;&#8221; video_webm=&#8221;&#8221; video_ogv=&#8221;&#8221; video_url=&#8221;&#8221; video_aspect_ratio=&#8221;16:9&#8243; video_loop=&#8221;yes&#8221; video_mute=&#8221;yes&#8221; video_preview_image=&#8221;&#8221; border_size=&#8221;&#8221; border_color=&#8221;&#8221; border_style=&#8221;solid&#8221; margin_top=&#8221;&#8221; margin_bottom=&#8221;&#8221; padding_top=&#8221;10px&#8221; padding_right=&#8221;30px&#8221; padding_bottom=&#8221;&#8221; padding_left=&#8221;30px&#8221;][fusion_builder_row][fusion_builder_column type=&#8221;1_1&#8243; layout=&#8221;1_1&#8243; spacing=&#8221;&#8221; center_content=&#8221;no&#8221; link=&#8221;&#8221; target=&#8221;_self&#8221; min_height=&#8221;&#8221; hide_on_mobile=&#8221;small-visibility,medium-visibility,large-visibility&#8221; class=&#8221;&#8221; id=&#8221;&#8221; background_color=&#8221;&#8221; background_image=&#8221;&#8221; background_position=&#8221;left top&#8221; background_repeat=&#8221;no-repeat&#8221; hover_type=&#8221;none&#8221; border_size=&#8221;0&#8243; border_color=&#8221;&#8221; border_style=&#8221;solid&#8221; border_position=&#8221;all&#8221; animation_type=&#8221;&#8221; animation_direction=&#8221;left&#8221; animation_speed=&#8221;0.3&#8243; animation_offset=&#8221;&#8221; last=&#8221;no&#8221;][fusion_text]<\/p>\n<h2><span style=\"color: #34b163;\">2014<\/span><\/h2>\n<ul>\n<li>&#8220;Mulheres migrantes: entre fronteiras f\u00edsicas e sociais&#8221; &#8211; Resenha 97 &#8211; 4\u00b0 trimestre de 2014.\u00a0<a href=\"https:\/\/www.csem.org.br\/images\/downloads\/resenhas\/Resenha_n__97_-_Novembro_2014.pdf\" target=\"_blank\" rel=\"noopener\">pdf<\/a><\/li>\n<li>&#8220;Por uma compreens\u00e3o mais ampla das migra\u00e7\u00f5es for\u00e7adas&#8221; &#8211; Resenha 96 &#8211; 3\u00b0 trimestre de 2014.\u00a0<a href=\"https:\/\/www.csem.org.br\/images\/downloads\/resenhas\/Resenha_n__96_-_Setembro_2014.pdf\" target=\"_blank\" rel=\"noopener\">pdf<\/a><\/li>\n<li>&#8220;Tr\u00e1fico de Pessoas: O ser humano est\u00e1 \u00e0 venda?&#8221; &#8211; Resenha 95 &#8211; 2\u00b0 trimestre de 2014.\u00a0<a href=\"https:\/\/www.csem.org.br\/images\/Resenha_n__95_-_Junho_2014.pdf\" target=\"_blank\" rel=\"noopener\">pdf<\/a><\/li>\n<li>&#8220;As religi\u00f5es a servi\u00e7o da dignidade dos migrantes&#8221; &#8211; Resenha 94 &#8211; 1\u00b0 trimestre de 2014.\u00a0<a href=\"https:\/\/www.csem.org.br\/images\/downloads\/resenhas\/Resenha_n__94_-_Mar%C3%A7o_2014.pdf\" target=\"_blank\" rel=\"noopener\">pdf<\/a><\/li>\n<\/ul>\n<p>[\/fusion_text][\/fusion_builder_column][\/fusion_builder_row][\/fusion_builder_container][fusion_builder_container hundred_percent=&#8221;no&#8221; hundred_percent_height=&#8221;no&#8221; hundred_percent_height_scroll=&#8221;no&#8221; hundred_percent_height_center_content=&#8221;yes&#8221; equal_height_columns=&#8221;no&#8221; menu_anchor=&#8221;&#8221; hide_on_mobile=&#8221;small-visibility,medium-visibility,large-visibility&#8221; class=&#8221;edits&#8221; id=&#8221;&#8221; background_color=&#8221;#ffffff&#8221; background_image=&#8221;&#8221; background_position=&#8221;center center&#8221; background_repeat=&#8221;no-repeat&#8221; fade=&#8221;no&#8221; background_parallax=&#8221;none&#8221; enable_mobile=&#8221;no&#8221; parallax_speed=&#8221;0.3&#8243; video_mp4=&#8221;&#8221; video_webm=&#8221;&#8221; video_ogv=&#8221;&#8221; video_url=&#8221;&#8221; video_aspect_ratio=&#8221;16:9&#8243; video_loop=&#8221;yes&#8221; video_mute=&#8221;yes&#8221; video_preview_image=&#8221;&#8221; border_size=&#8221;&#8221; border_color=&#8221;&#8221; border_style=&#8221;solid&#8221; margin_top=&#8221;&#8221; margin_bottom=&#8221;&#8221; padding_top=&#8221;10px&#8221; padding_right=&#8221;30px&#8221; padding_bottom=&#8221;&#8221; padding_left=&#8221;30px&#8221;][fusion_builder_row][fusion_builder_column type=&#8221;1_1&#8243; layout=&#8221;1_1&#8243; spacing=&#8221;&#8221; center_content=&#8221;no&#8221; link=&#8221;&#8221; target=&#8221;_self&#8221; min_height=&#8221;&#8221; hide_on_mobile=&#8221;small-visibility,medium-visibility,large-visibility&#8221; class=&#8221;&#8221; id=&#8221;&#8221; background_color=&#8221;&#8221; background_image=&#8221;&#8221; background_position=&#8221;left top&#8221; background_repeat=&#8221;no-repeat&#8221; hover_type=&#8221;none&#8221; border_size=&#8221;0&#8243; border_color=&#8221;&#8221; border_style=&#8221;solid&#8221; border_position=&#8221;all&#8221; animation_type=&#8221;&#8221; animation_direction=&#8221;left&#8221; animation_speed=&#8221;0.3&#8243; animation_offset=&#8221;&#8221; last=&#8221;no&#8221;][fusion_text]<\/p>\n<h2 class=\"titulo_conteudo\"><span style=\"color: #34b163;\">2013<\/span><\/h2>\n<ul>\n<li>&#8220;As mulheres no contexto das pol\u00edticas migrat\u00f3rias&#8221; &#8211; Resenha 93 &#8211; 4\u00b0 trimestre de 2013.\u00a0<a href=\"https:\/\/www.csem.org.br\/wp-content\/uploads\/2018\/09\/Resenha_n__93_-_Novembro_2013-1.pdf\">pdf<\/a><\/li>\n<li>&#8220;A &#8216;globaliza\u00e7\u00e3o da indiferen\u00e7a&#8217; e a criminaliza\u00e7\u00e3o das migra\u00e7\u00f5es&#8221; &#8211; Resenha 92 &#8211; 3\u00ba trimestre de 2013.\u00a0<a href=\"https:\/\/www.csem.org.br\/wp-content\/uploads\/2018\/09\/Resenha_n__92_-_Setembro_2013-1.pdf\">pdf<\/a><\/li>\n<li>&#8220;Tr\u00e1fico de pessoas: entre o discurso e a realidade&#8221; &#8211; Resenha n\u00ba 91 &#8211; 2\u00ba trimestre de 2013.\u00a0<a href=\"https:\/\/www.csem.org.br\/wp-content\/uploads\/2018\/09\/Resenha_n__91_-_Junho_2013.pdf\" target=\"_blank\" rel=\"noopener\">pdf<\/a><\/li>\n<li>&#8220;A religi\u00e3o como meio de assist\u00eancia, integra\u00e7\u00e3o e emancipa\u00e7\u00e3o dos migrantes&#8221; &#8211; Resenha n\u00ba 90 &#8211; 1\u00ba trimestre de 2013.\u00a0<a href=\"https:\/\/www.csem.org.br\/wp-content\/uploads\/2018\/09\/Resenha_n__90_-_Mar\u00e7o_2013.pdf\" target=\"_blank\" rel=\"noopener\">pdf<\/a><\/li>\n<\/ul>\n<p>[\/fusion_text][\/fusion_builder_column][\/fusion_builder_row][\/fusion_builder_container][fusion_builder_container hundred_percent=&#8221;no&#8221; hundred_percent_height=&#8221;no&#8221; hundred_percent_height_scroll=&#8221;no&#8221; hundred_percent_height_center_content=&#8221;yes&#8221; equal_height_columns=&#8221;no&#8221; menu_anchor=&#8221;&#8221; hide_on_mobile=&#8221;small-visibility,medium-visibility,large-visibility&#8221; class=&#8221;edits&#8221; id=&#8221;&#8221; background_color=&#8221;#ffffff&#8221; background_image=&#8221;&#8221; background_position=&#8221;center center&#8221; background_repeat=&#8221;no-repeat&#8221; fade=&#8221;no&#8221; background_parallax=&#8221;none&#8221; enable_mobile=&#8221;no&#8221; parallax_speed=&#8221;0.3&#8243; video_mp4=&#8221;&#8221; video_webm=&#8221;&#8221; video_ogv=&#8221;&#8221; video_url=&#8221;&#8221; video_aspect_ratio=&#8221;16:9&#8243; video_loop=&#8221;yes&#8221; video_mute=&#8221;yes&#8221; video_preview_image=&#8221;&#8221; border_size=&#8221;&#8221; border_color=&#8221;&#8221; border_style=&#8221;solid&#8221; margin_top=&#8221;&#8221; margin_bottom=&#8221;&#8221; padding_top=&#8221;10px&#8221; padding_right=&#8221;30px&#8221; padding_bottom=&#8221;&#8221; padding_left=&#8221;30px&#8221;][fusion_builder_row][fusion_builder_column type=&#8221;1_1&#8243; layout=&#8221;1_1&#8243; spacing=&#8221;&#8221; center_content=&#8221;no&#8221; link=&#8221;&#8221; target=&#8221;_self&#8221; min_height=&#8221;&#8221; hide_on_mobile=&#8221;small-visibility,medium-visibility,large-visibility&#8221; class=&#8221;&#8221; id=&#8221;&#8221; background_color=&#8221;&#8221; background_image=&#8221;&#8221; background_position=&#8221;left top&#8221; background_repeat=&#8221;no-repeat&#8221; hover_type=&#8221;none&#8221; border_size=&#8221;0&#8243; border_color=&#8221;&#8221; border_style=&#8221;solid&#8221; border_position=&#8221;all&#8221; animation_type=&#8221;&#8221; animation_direction=&#8221;left&#8221; animation_speed=&#8221;0.3&#8243; animation_offset=&#8221;&#8221; last=&#8221;no&#8221;][fusion_text]<\/p>\n<h2 class=\"titulo_conteudo\"><span style=\"color: #34b163;\">2012<\/span><\/h2>\n<ul>\n<li>&#8220;Mulheres Migrantes: protagonismo e vulnerabilidades&#8221;\u00a0&#8211; Resenha n\u00ba 89 &#8211; Quarto trimestre de 2012.\u00a0<a href=\"https:\/\/www.csem.org.br\/wp-content\/uploads\/2018\/09\/Resenha_n__89_-_Novembro_2012.pdf\" target=\"_blank\" rel=\"noopener\">pdf<\/a><\/li>\n<li>&#8220;Novos fluxos migrat\u00f3rios: uma nova quest\u00e3o social&#8221; &#8211; Resenha n\u00ba 88 &#8211; Terceito trimestre de 2012.\u00a0<a href=\"https:\/\/www.csem.org.br\/wp-content\/uploads\/2018\/09\/Resenha_n__88_-_Setembro_2012.pdf\" target=\"_blank\" rel=\"noopener\">pdf<\/a><\/li>\n<li>&#8220;Tr\u00e1fico de Pessoas: \u00c9 poss\u00edvel combater?&#8221; &#8211; Resenha n\u00ba\u00a087 &#8211; Segundo trimestre de 2012.\u00a0<a href=\"https:\/\/www.csem.org.br\/wp-content\/uploads\/2018\/09\/Resenha_n__87_-_Julho_2012.pdf\">pdf<\/a><\/li>\n<li>\u201cAs Religi\u00f5es diante dos\u00a0desafios das Migra\u00e7\u00f5es Internacionais\u201d &#8211; Resenha n\u00ba\u00a086 \u2013 Primeiro trimestre de 2012 .<a href=\"https:\/\/www.csem.org.br\/wp-content\/uploads\/2018\/09\/Resenha-n-86-Mar\u00e7o-2012.pdf\">\u00a0pdf<\/a><\/li>\n<\/ul>\n<p>[\/fusion_text][\/fusion_builder_column][\/fusion_builder_row][\/fusion_builder_container][fusion_builder_container hundred_percent=&#8221;no&#8221; hundred_percent_height=&#8221;no&#8221; hundred_percent_height_scroll=&#8221;no&#8221; hundred_percent_height_center_content=&#8221;yes&#8221; equal_height_columns=&#8221;no&#8221; menu_anchor=&#8221;&#8221; hide_on_mobile=&#8221;small-visibility,medium-visibility,large-visibility&#8221; class=&#8221;edits&#8221; id=&#8221;&#8221; background_color=&#8221;#ffffff&#8221; background_image=&#8221;&#8221; background_position=&#8221;center center&#8221; background_repeat=&#8221;no-repeat&#8221; fade=&#8221;no&#8221; background_parallax=&#8221;none&#8221; enable_mobile=&#8221;no&#8221; parallax_speed=&#8221;0.3&#8243; video_mp4=&#8221;&#8221; video_webm=&#8221;&#8221; video_ogv=&#8221;&#8221; video_url=&#8221;&#8221; video_aspect_ratio=&#8221;16:9&#8243; video_loop=&#8221;yes&#8221; video_mute=&#8221;yes&#8221; video_preview_image=&#8221;&#8221; border_size=&#8221;&#8221; border_color=&#8221;&#8221; border_style=&#8221;solid&#8221; margin_top=&#8221;&#8221; margin_bottom=&#8221;&#8221; padding_top=&#8221;10px&#8221; padding_right=&#8221;30px&#8221; padding_bottom=&#8221;&#8221; padding_left=&#8221;30px&#8221;][fusion_builder_row][fusion_builder_column type=&#8221;1_1&#8243; layout=&#8221;1_1&#8243; spacing=&#8221;&#8221; center_content=&#8221;no&#8221; link=&#8221;&#8221; target=&#8221;_self&#8221; min_height=&#8221;&#8221; hide_on_mobile=&#8221;small-visibility,medium-visibility,large-visibility&#8221; class=&#8221;&#8221; id=&#8221;&#8221; background_color=&#8221;&#8221; background_image=&#8221;&#8221; background_position=&#8221;left top&#8221; background_repeat=&#8221;no-repeat&#8221; hover_type=&#8221;none&#8221; border_size=&#8221;0&#8243; border_color=&#8221;&#8221; border_style=&#8221;solid&#8221; border_position=&#8221;all&#8221; animation_type=&#8221;&#8221; animation_direction=&#8221;left&#8221; animation_speed=&#8221;0.3&#8243; animation_offset=&#8221;&#8221; last=&#8221;no&#8221;][fusion_text]<\/p>\n<h2 class=\"titulo_conteudo\"><span style=\"color: #34b163;\">2011<\/span><\/h2>\n<ul>\n<li>\u201cOs desafios da migra\u00e7\u00e3o feminina\u201d &#8211; Resenha n\u00ba\u00a085 \u2013 Quarto trimestre de 2011.\u00a0<a href=\"https:\/\/www.csem.org.br\/wp-content\/uploads\/2018\/09\/Resenha-n-85-Novembro-2011.pdf\">pdf<\/a><\/li>\n<li>\u201cMigra\u00e7\u00f5es de retorno e crise: sogno frustrado?\u201d &#8211; Resenha n\u00ba\u00a084 \u2013 Terceiro trimestre de 2011.\u00a0<a href=\"https:\/\/www.csem.org.br\/wp-content\/uploads\/2018\/09\/Resenha-n-84-Setembro-2011.pdf\">pdf<\/a><\/li>\n<li>\u201cOs rumos do tr\u00e1fico de pessoas\u201d &#8211; Resenha n\u00ba\u00a083 \u2013 Segundo trimestre de 2011.\u00a0<a href=\"https:\/\/www.csem.org.br\/wp-content\/uploads\/2018\/09\/Resenha-n-83-Junho-2011.pdf\">pdf<\/a><\/li>\n<li>\u201cReligi\u00e3o: um fator de integra\u00e7\u00e3o dos migrantes?\u201d \u2013 Resenha n\u00ba\u00a082 \u2013 Primeiro trimestre de 2011. \u201c<a href=\"https:\/\/www.csem.org.br\/wp-content\/uploads\/2018\/09\/Resenha-n.-82-Mar\u00e7o-2011-Religi\u00e3o.pdf\">pdf<\/a>\u201d<\/li>\n<\/ul>\n<p>[\/fusion_text][\/fusion_builder_column][\/fusion_builder_row][\/fusion_builder_container][fusion_builder_container hundred_percent=&#8221;no&#8221; hundred_percent_height=&#8221;no&#8221; hundred_percent_height_scroll=&#8221;no&#8221; hundred_percent_height_center_content=&#8221;yes&#8221; equal_height_columns=&#8221;no&#8221; menu_anchor=&#8221;&#8221; hide_on_mobile=&#8221;small-visibility,medium-visibility,large-visibility&#8221; class=&#8221;edits&#8221; id=&#8221;&#8221; background_color=&#8221;#ffffff&#8221; background_image=&#8221;&#8221; background_position=&#8221;center center&#8221; background_repeat=&#8221;no-repeat&#8221; fade=&#8221;no&#8221; background_parallax=&#8221;none&#8221; enable_mobile=&#8221;no&#8221; parallax_speed=&#8221;0.3&#8243; video_mp4=&#8221;&#8221; video_webm=&#8221;&#8221; video_ogv=&#8221;&#8221; video_url=&#8221;&#8221; video_aspect_ratio=&#8221;16:9&#8243; video_loop=&#8221;yes&#8221; video_mute=&#8221;yes&#8221; video_preview_image=&#8221;&#8221; border_size=&#8221;&#8221; border_color=&#8221;&#8221; border_style=&#8221;solid&#8221; margin_top=&#8221;&#8221; margin_bottom=&#8221;&#8221; padding_top=&#8221;10px&#8221; padding_right=&#8221;30px&#8221; padding_bottom=&#8221;&#8221; padding_left=&#8221;30px&#8221;][fusion_builder_row][fusion_builder_column type=&#8221;1_1&#8243; layout=&#8221;1_1&#8243; spacing=&#8221;&#8221; center_content=&#8221;no&#8221; link=&#8221;&#8221; target=&#8221;_self&#8221; min_height=&#8221;&#8221; hide_on_mobile=&#8221;small-visibility,medium-visibility,large-visibility&#8221; class=&#8221;&#8221; id=&#8221;&#8221; background_color=&#8221;&#8221; background_image=&#8221;&#8221; background_position=&#8221;left top&#8221; background_repeat=&#8221;no-repeat&#8221; hover_type=&#8221;none&#8221; border_size=&#8221;0&#8243; border_color=&#8221;&#8221; border_style=&#8221;solid&#8221; border_position=&#8221;all&#8221; animation_type=&#8221;&#8221; animation_direction=&#8221;left&#8221; animation_speed=&#8221;0.3&#8243; animation_offset=&#8221;&#8221; last=&#8221;no&#8221;][fusion_text]<\/p>\n<h2 class=\"titulo_conteudo\"><span style=\"color: #34b163;\">2010<\/span><\/h2>\n<ul>\n<li>\u201cMulheres refugiadas\u201d \u2013 Resenha n\u00ba\u00a081 \u2013 Quarto trimestre de 2010. \u201c<a href=\"https:\/\/www.csem.org.br\/wp-content\/uploads\/2018\/09\/Resenha-81-Novembro-2010-Mulheres-refugiadas.pdf\">pdf<\/a>\u201c<\/li>\n<li>\u201cXenofobia: a nova face da exclus\u00e3o\u201d- Resenha n\u00ba\u00a080 \u2013 Terceiro trimestre de 2010. \u201c<a href=\"https:\/\/www.csem.org.br\/wp-content\/uploads\/2018\/09\/Resenha-n.-80-set.-2010.pdf\">pdf<\/a>\u201c<\/li>\n<li>\u201cTrabalhadores migrantes: indispens\u00e1veis, mas sem direitos\u201d &#8211; Resenha n\u00ba 79 \u2013 Segundo trimestre de 2010. \u201c<a href=\"https:\/\/www.csem.org.br\/wp-content\/uploads\/2018\/09\/Resenha-n.-79-Jun-2010.pdf\">pdf<\/a>\u201c<\/li>\n<li>\u201cAs migra\u00e7\u00f5es geram viol\u00eancia ou rea\u00e7\u00f5es violentas?\u201d &#8211; Resenha n\u00ba\u00a078 \u2013 Primeiro trimestre de 2010.\u201d<a href=\"https:\/\/www.csem.org.br\/wp-content\/uploads\/2018\/09\/Resenha-n.-78-mar-2010-Viol\u00eancia.pdf\">pdf<\/a>\u201c<\/li>\n<\/ul>\n<p>[\/fusion_text][\/fusion_builder_column][\/fusion_builder_row][\/fusion_builder_container][fusion_builder_container hundred_percent=&#8221;no&#8221; hundred_percent_height=&#8221;no&#8221; hundred_percent_height_scroll=&#8221;no&#8221; hundred_percent_height_center_content=&#8221;yes&#8221; equal_height_columns=&#8221;no&#8221; menu_anchor=&#8221;&#8221; hide_on_mobile=&#8221;small-visibility,medium-visibility,large-visibility&#8221; class=&#8221;edits&#8221; id=&#8221;&#8221; background_color=&#8221;#ffffff&#8221; background_image=&#8221;&#8221; background_position=&#8221;center center&#8221; background_repeat=&#8221;no-repeat&#8221; fade=&#8221;no&#8221; background_parallax=&#8221;none&#8221; enable_mobile=&#8221;no&#8221; parallax_speed=&#8221;0.3&#8243; video_mp4=&#8221;&#8221; video_webm=&#8221;&#8221; video_ogv=&#8221;&#8221; video_url=&#8221;&#8221; video_aspect_ratio=&#8221;16:9&#8243; video_loop=&#8221;yes&#8221; video_mute=&#8221;yes&#8221; video_preview_image=&#8221;&#8221; border_size=&#8221;&#8221; border_color=&#8221;&#8221; border_style=&#8221;solid&#8221; margin_top=&#8221;&#8221; margin_bottom=&#8221;&#8221; padding_top=&#8221;10px&#8221; padding_right=&#8221;30px&#8221; padding_bottom=&#8221;&#8221; padding_left=&#8221;30px&#8221;][fusion_builder_row][fusion_builder_column type=&#8221;1_1&#8243; layout=&#8221;1_1&#8243; spacing=&#8221;&#8221; center_content=&#8221;no&#8221; link=&#8221;&#8221; target=&#8221;_self&#8221; min_height=&#8221;&#8221; hide_on_mobile=&#8221;small-visibility,medium-visibility,large-visibility&#8221; class=&#8221;&#8221; id=&#8221;&#8221; background_color=&#8221;&#8221; background_image=&#8221;&#8221; background_position=&#8221;left top&#8221; background_repeat=&#8221;no-repeat&#8221; hover_type=&#8221;none&#8221; border_size=&#8221;0&#8243; border_color=&#8221;&#8221; border_style=&#8221;solid&#8221; border_position=&#8221;all&#8221; animation_type=&#8221;&#8221; animation_direction=&#8221;left&#8221; animation_speed=&#8221;0.3&#8243; animation_offset=&#8221;&#8221; last=&#8221;no&#8221;][fusion_text]<\/p>\n<h2 class=\"titulo_conteudo\"><span style=\"color: #34b163;\">\u00a02009<\/span><\/h2>\n<ul>\n<li>\u201cMudan\u00e7as clim\u00e1ticas e refugiados ambientais\u201d \u2013 Resenha n\u00ba 77 \u2013 Quarto trimestre de 2009. \u201c<a href=\"https:\/\/www.csem.org.br\/pdfs\/resenha\/Resenha_77.doc\">doc<\/a>\u201d \u2013 \u201c<a href=\"https:\/\/www.csem.org.br\/wp-content\/uploads\/2018\/09\/Resenha_77.pdf\" target=\"_blank\" rel=\"noopener\">pdf<\/a>\u201c<\/li>\n<li>\u201cEntre assimila\u00e7\u00e3o e integra\u00e7\u00e3o\u201d- Resenha n\u00ba 76 \u2013 Terceiro trimestre de 2009.\u00a0<a href=\"https:\/\/www.csem.org.br\/wp-content\/uploads\/2018\/09\/resenha_76-1.doc\">\u201cdoc\u201d\u00a0<\/a>&#8211;\u00a0<a href=\"https:\/\/www.csem.org.br\/wp-content\/uploads\/2018\/09\/resenha_-76-1.pdf\">\u201cpdf\u201d<\/a><\/li>\n<li>\u201cSer migrante em tempos de crise\u201d &#8211; Resenha n\u00ba 75 \u2013 Segundo trimestre de 2009.<a href=\"https:\/\/www.csem.org.br\/wp-content\/uploads\/2018\/09\/resenha_75.doc\">\u00a0\u201cdoc\u201d<\/a>\u00a0\u2013\u00a0<a href=\"https:\/\/www.csem.org.br\/wp-content\/uploads\/2018\/09\/resenha_75.pdf\">\u201cpdf\u201d<\/a><\/li>\n<li>\u201cCidade: Lugar\u00a0 de encontro ou exclus\u00e3o?\u201d &#8211; Resenha n\u00ba 74 \u2013 Primeiro trimestre de 2009.\u00a0<a href=\"https:\/\/www.csem.org.br\/wp-content\/uploads\/2018\/09\/resenha_74doc.pdf\">\u201cdoc\u201d\u00a0<\/a>&#8211;\u00a0<a href=\"https:\/\/www.csem.org.br\/wp-content\/uploads\/2018\/09\/resenha_74doc.pdf\">\u201cpdf\u201d<\/a><\/li>\n<\/ul>\n<p>[\/fusion_text][\/fusion_builder_column][\/fusion_builder_row][\/fusion_builder_container][fusion_builder_container hundred_percent=&#8221;no&#8221; hundred_percent_height=&#8221;no&#8221; hundred_percent_height_scroll=&#8221;no&#8221; hundred_percent_height_center_content=&#8221;yes&#8221; equal_height_columns=&#8221;no&#8221; menu_anchor=&#8221;&#8221; hide_on_mobile=&#8221;small-visibility,medium-visibility,large-visibility&#8221; class=&#8221;edits&#8221; id=&#8221;&#8221; background_color=&#8221;#ffffff&#8221; background_image=&#8221;&#8221; background_position=&#8221;center center&#8221; background_repeat=&#8221;no-repeat&#8221; fade=&#8221;no&#8221; background_parallax=&#8221;none&#8221; enable_mobile=&#8221;no&#8221; parallax_speed=&#8221;0.3&#8243; video_mp4=&#8221;&#8221; video_webm=&#8221;&#8221; video_ogv=&#8221;&#8221; video_url=&#8221;&#8221; video_aspect_ratio=&#8221;16:9&#8243; video_loop=&#8221;yes&#8221; video_mute=&#8221;yes&#8221; video_preview_image=&#8221;&#8221; border_size=&#8221;&#8221; border_color=&#8221;&#8221; border_style=&#8221;solid&#8221; margin_top=&#8221;&#8221; margin_bottom=&#8221;&#8221; padding_top=&#8221;10px&#8221; padding_right=&#8221;30px&#8221; padding_bottom=&#8221;&#8221; padding_left=&#8221;30px&#8221;][fusion_builder_row][fusion_builder_column type=&#8221;1_1&#8243; layout=&#8221;1_1&#8243; spacing=&#8221;&#8221; center_content=&#8221;no&#8221; link=&#8221;&#8221; target=&#8221;_self&#8221; min_height=&#8221;&#8221; hide_on_mobile=&#8221;small-visibility,medium-visibility,large-visibility&#8221; class=&#8221;&#8221; id=&#8221;&#8221; background_color=&#8221;&#8221; background_image=&#8221;&#8221; background_position=&#8221;left top&#8221; background_repeat=&#8221;no-repeat&#8221; hover_type=&#8221;none&#8221; border_size=&#8221;0&#8243; border_color=&#8221;&#8221; border_style=&#8221;solid&#8221; border_position=&#8221;all&#8221; animation_type=&#8221;&#8221; animation_direction=&#8221;left&#8221; animation_speed=&#8221;0.3&#8243; animation_offset=&#8221;&#8221; last=&#8221;no&#8221;][fusion_text]<\/p>\n<h2 class=\"titulo_conteudo\"><span style=\"color: #34b163;\">2008<\/span><\/h2>\n<ul>\n<li>\u201cTr\u00e1fico de pessoas: quais s\u00e3o as estrat\u00e9gias de combate?\u201d &#8211; Resenha n\u00ba 73 Quarto trimestre de 2008.\u00a0<a href=\"https:\/\/www.csem.org.br\/wp-content\/uploads\/2018\/09\/resenha73_trafico_de_pessoas.doc\">\u201cdoc\u201d\u00a0<\/a>&#8211;\u00a0<a href=\"https:\/\/www.csem.org.br\/pdfs\/resenha\/resenha73_trafico_de_pessoas.pdf\">\u201cpdf\u201d<\/a><\/li>\n<li>\u201cO papel prof\u00e9tico das religi\u00f5es junto aos migrantes\u201d \u2013 Resenha n\u00ba 72 Terceiro trimestre de 2008.\u00a0<a href=\"https:\/\/www.csem.org.br\/wp-content\/uploads\/2018\/09\/Resenha_72.doc\">\u201cdoc\u201d\u00a0<\/a>&#8211;\u00a0<a href=\"https:\/\/www.csem.org.br\/pdfs\/resenha\/Resenha_72.pdf\">\u201cpdf\u201d<\/a><\/li>\n<li>\u201cMigra\u00e7\u00f5es e desenvolvimento: Qual o papel das remessas?\u201d &#8211; Resenha n\u00ba 71 Segundo trimestre de 2008.\u00a0<a href=\"https:\/\/www.csem.org.br\/wp-content\/uploads\/2018\/09\/resenha_-n_-71_junho2008_desenvolvimento-1.doc\">\u201cdoc\u201d\u00a0<\/a>&#8211;\u00a0<a href=\"https:\/\/www.csem.org.br\/wp-content\/uploads\/2018\/09\/resenha_-n_-71_junho2008_desenvolvimento.pdf\">\u201cpdf\u201d<\/a><\/li>\n<li>\u201cLeis e pol\u00edticas migrat\u00f3rias: direito a ter direitos \u201c \u2013 Resenha n\u00ba 70 \u2013 Primeiro trimestre de 2008.\u00a0<a href=\"https:\/\/www.csem.org.br\/wp-content\/uploads\/2018\/09\/leis_e_politicas_migratorias_resenha70.doc\">\u201cdoc\u201d\u00a0<\/a>&#8211;\u00a0<a href=\"https:\/\/www.csem.org.br\/wp-content\/uploads\/2018\/09\/leis_e_politicas_migratorias_resenha70.pdf\">\u201cpdf\u201d<\/a><\/li>\n<\/ul>\n<p>[\/fusion_text][\/fusion_builder_column][\/fusion_builder_row][\/fusion_builder_container][fusion_builder_container hundred_percent=&#8221;no&#8221; hundred_percent_height=&#8221;no&#8221; hundred_percent_height_scroll=&#8221;no&#8221; hundred_percent_height_center_content=&#8221;yes&#8221; equal_height_columns=&#8221;no&#8221; menu_anchor=&#8221;&#8221; hide_on_mobile=&#8221;small-visibility,medium-visibility,large-visibility&#8221; class=&#8221;edits&#8221; id=&#8221;&#8221; background_color=&#8221;#ffffff&#8221; background_image=&#8221;&#8221; background_position=&#8221;center center&#8221; background_repeat=&#8221;no-repeat&#8221; fade=&#8221;no&#8221; background_parallax=&#8221;none&#8221; enable_mobile=&#8221;no&#8221; parallax_speed=&#8221;0.3&#8243; video_mp4=&#8221;&#8221; video_webm=&#8221;&#8221; video_ogv=&#8221;&#8221; video_url=&#8221;&#8221; video_aspect_ratio=&#8221;16:9&#8243; video_loop=&#8221;yes&#8221; video_mute=&#8221;yes&#8221; video_preview_image=&#8221;&#8221; border_size=&#8221;&#8221; border_color=&#8221;&#8221; border_style=&#8221;solid&#8221; margin_top=&#8221;&#8221; margin_bottom=&#8221;&#8221; padding_top=&#8221;10px&#8221; padding_right=&#8221;30px&#8221; padding_bottom=&#8221;&#8221; padding_left=&#8221;30px&#8221;][fusion_builder_row][fusion_builder_column type=&#8221;1_1&#8243; layout=&#8221;1_1&#8243; spacing=&#8221;&#8221; center_content=&#8221;no&#8221; link=&#8221;&#8221; target=&#8221;_self&#8221; min_height=&#8221;&#8221; hide_on_mobile=&#8221;small-visibility,medium-visibility,large-visibility&#8221; class=&#8221;&#8221; id=&#8221;&#8221; background_color=&#8221;&#8221; background_image=&#8221;&#8221; background_position=&#8221;left top&#8221; background_repeat=&#8221;no-repeat&#8221; hover_type=&#8221;none&#8221; border_size=&#8221;0&#8243; border_color=&#8221;&#8221; border_style=&#8221;solid&#8221; border_position=&#8221;all&#8221; animation_type=&#8221;&#8221; animation_direction=&#8221;left&#8221; animation_speed=&#8221;0.3&#8243; animation_offset=&#8221;&#8221; last=&#8221;no&#8221;][fusion_text]<\/p>\n<h2 class=\"titulo_conteudo\"><span style=\"color: #34b163;\">2007<\/span><\/h2>\n<ul>\n<li>\u201cMigra\u00e7\u00f5es e ref\u00fagio\u201d \u2013 Resenha n\u00ba 69 \u2013 Quarto trimestre de 2007.\u00a0<a href=\"https:\/\/www.csem.org.br\/wp-content\/uploads\/2018\/09\/resenha-_n_69_dezembro_2007_sobre_refugiados.doc\">\u201cdoc\u201d\u00a0<\/a>&#8211;\u00a0<a href=\"https:\/\/www.csem.org.br\/wp-content\/uploads\/2018\/09\/resenha-n_-69_dezembro_2007.pdf\">\u201cpdf\u201d<\/a><\/li>\n<li>\u201cMigra\u00e7\u00f5es e cultura\u201d \u2013 Resenha n\u00ba 68 \u2013 Terceiro trimestre de 2007.\u00a0<a href=\"https:\/\/www.csem.org.br\/wp-content\/uploads\/2018\/09\/resenha_n_-68_migracoes_e_cultura_como_superar_a_discriminacao.doc\">\u201cdoc\u201d\u00a0<\/a>&#8211;\u00a0<a href=\"https:\/\/www.csem.org.br\/wp-content\/uploads\/2018\/09\/resenha_n_-68_migracoes_e_cultura_como_superar_a_discriminacao.pdf\">\u201cpdf\u201d<\/a><\/li>\n<li>\u201cMigra\u00e7\u00f5es e trabalho\u201d &#8211; Resenha n\u00ba 67 \u2013 Segundo trimestre de 2007.\u00a0<a href=\"https:\/\/www.csem.org.br\/wp-content\/uploads\/2018\/09\/resenha67_migracoes_e_trabalho.doc\">\u201cdoc\u201d\u00a0<\/a>&#8211;\u00a0<a href=\"https:\/\/www.csem.org.br\/wp-content\/uploads\/2018\/09\/resenha67_migracoes_e_trabalho.pdf\">\u201cpdf\u201d<\/a><\/li>\n<li>\u201cMigra\u00e7\u00f5es Internacionais\u201d \u2013 Resenha n\u00ba 66 \u2013 Primeiro trimestre de 2007.-\u00a0<a href=\"https:\/\/www.csem.org.br\/wp-content\/uploads\/2018\/09\/resenha66_questoes_internacionais_violencia.doc\">\u201cdoc\u201d<\/a>\u00a0\u2013\u00a0<a href=\"https:\/\/www.csem.org.br\/wp-content\/uploads\/2018\/09\/resenha66_questoes_internacionais_violencia.pdf\">\u201cpdf\u201d<\/a><\/li>\n<\/ul>\n<p>[\/fusion_text][\/fusion_builder_column][\/fusion_builder_row][\/fusion_builder_container][fusion_builder_container hundred_percent=&#8221;no&#8221; hundred_percent_height=&#8221;no&#8221; hundred_percent_height_scroll=&#8221;no&#8221; hundred_percent_height_center_content=&#8221;yes&#8221; equal_height_columns=&#8221;no&#8221; menu_anchor=&#8221;&#8221; hide_on_mobile=&#8221;small-visibility,medium-visibility,large-visibility&#8221; class=&#8221;edits&#8221; id=&#8221;&#8221; background_color=&#8221;#ffffff&#8221; background_image=&#8221;&#8221; background_position=&#8221;center center&#8221; background_repeat=&#8221;no-repeat&#8221; fade=&#8221;no&#8221; background_parallax=&#8221;none&#8221; enable_mobile=&#8221;no&#8221; parallax_speed=&#8221;0.3&#8243; video_mp4=&#8221;&#8221; video_webm=&#8221;&#8221; video_ogv=&#8221;&#8221; video_url=&#8221;&#8221; video_aspect_ratio=&#8221;16:9&#8243; video_loop=&#8221;yes&#8221; video_mute=&#8221;yes&#8221; video_preview_image=&#8221;&#8221; border_size=&#8221;&#8221; border_color=&#8221;&#8221; border_style=&#8221;solid&#8221; margin_top=&#8221;&#8221; margin_bottom=&#8221;&#8221; padding_top=&#8221;10px&#8221; padding_right=&#8221;30px&#8221; padding_bottom=&#8221;&#8221; padding_left=&#8221;30px&#8221;][fusion_builder_row][fusion_builder_column type=&#8221;1_1&#8243; layout=&#8221;1_1&#8243; spacing=&#8221;&#8221; center_content=&#8221;no&#8221; link=&#8221;&#8221; target=&#8221;_self&#8221; min_height=&#8221;&#8221; hide_on_mobile=&#8221;small-visibility,medium-visibility,large-visibility&#8221; class=&#8221;&#8221; id=&#8221;&#8221; background_color=&#8221;&#8221; background_image=&#8221;&#8221; background_position=&#8221;left top&#8221; background_repeat=&#8221;no-repeat&#8221; hover_type=&#8221;none&#8221; border_size=&#8221;0&#8243; border_color=&#8221;&#8221; border_style=&#8221;solid&#8221; border_position=&#8221;all&#8221; animation_type=&#8221;&#8221; animation_direction=&#8221;left&#8221; animation_speed=&#8221;0.3&#8243; animation_offset=&#8221;&#8221; last=&#8221;no&#8221;][fusion_text]<\/p>\n<h2 class=\"jwts_tabbernav titulo_conteudo\"><span style=\"color: #34b163;\">2006<\/span><\/h2>\n<ul>\n<li>\u201cPovos em fuga: os\/as deslocados\/as\u201d &#8211; Resenha n\u00ba 65 \u2013 Quarto trimestre 2006.\u00a0\u2013\u00a0<a href=\"https:\/\/www.csem.org.br\/wp-content\/uploads\/2018\/09\/resenha65.pdf\">\u201cpdf\u201d<\/a><\/li>\n<li>\u201cCaminhos e descaminhos da integra\u00e7\u00e3o\u201d &#8211; Resenha n\u00ba 64 \u2013 Terceiro trimestre de 2006 \u2013\u00a0<a href=\"https:\/\/www.csem.org.br\/wp-content\/uploads\/2018\/09\/resenha63.doc\">\u201cdoc\u201d<\/a>\u00a0\u2013\u00a0<a href=\"https:\/\/www.csem.org.br\/wp-content\/uploads\/2018\/09\/resenha63.pdf\">\u201cpdf\u201d<\/a><\/li>\n<li>\u201cMigra\u00e7\u00f5es e Pobreza\u201d &#8211; Resenha n\u00ba 63 \u2013 Segundo trimestre de 2006 \u2013\u00a0<a href=\"https:\/\/www.csem.org.br\/wp-content\/uploads\/2018\/09\/resenha63-1.doc\">\u201cdoc\u201d<\/a>\u00a0\u2013\u00a0<a href=\"https:\/\/www.csem.org.br\/wp-content\/uploads\/2018\/09\/resenha63-1.pdf\">\u201cpdf\u201d<\/a><\/li>\n<li>\u201cMigra\u00e7\u00f5es internacionais \u2013 novos fluxos e pol\u00edticas seletivas\u201d \u2013 Resenha n\u00ba 62 \u2013 Primeiro trimestre 2006. \u2013\u00a0<a href=\"https:\/\/www.csem.org.br\/wp-content\/uploads\/2018\/09\/resenha62.doc\">\u201cdoc\u201d<\/a>\u00a0\u2013\u00a0<a href=\"https:\/\/www.csem.org.br\/wp-content\/uploads\/2018\/09\/resenha62.pdf\">\u201cpdf\u201d<\/a><\/li>\n<\/ul>\n<p>[\/fusion_text][\/fusion_builder_column][\/fusion_builder_row][\/fusion_builder_container][fusion_builder_container hundred_percent=&#8221;no&#8221; hundred_percent_height=&#8221;no&#8221; hundred_percent_height_scroll=&#8221;no&#8221; hundred_percent_height_center_content=&#8221;yes&#8221; equal_height_columns=&#8221;no&#8221; menu_anchor=&#8221;&#8221; hide_on_mobile=&#8221;small-visibility,medium-visibility,large-visibility&#8221; class=&#8221;&#8221; id=&#8221;&#8221; background_color=&#8221;#ffffff&#8221; background_image=&#8221;&#8221; background_position=&#8221;center center&#8221; background_repeat=&#8221;no-repeat&#8221; fade=&#8221;no&#8221; background_parallax=&#8221;none&#8221; enable_mobile=&#8221;no&#8221; parallax_speed=&#8221;0.3&#8243; video_mp4=&#8221;&#8221; video_webm=&#8221;&#8221; video_ogv=&#8221;&#8221; video_url=&#8221;&#8221; video_aspect_ratio=&#8221;16:9&#8243; video_loop=&#8221;yes&#8221; video_mute=&#8221;yes&#8221; video_preview_image=&#8221;&#8221; border_size=&#8221;&#8221; border_color=&#8221;&#8221; border_style=&#8221;solid&#8221; margin_top=&#8221;&#8221; margin_bottom=&#8221;&#8221; padding_top=&#8221;10px&#8221; padding_right=&#8221;30px&#8221; padding_bottom=&#8221;&#8221; padding_left=&#8221;30px&#8221;][fusion_builder_row][fusion_builder_column type=&#8221;1_1&#8243; layout=&#8221;1_1&#8243; spacing=&#8221;&#8221; center_content=&#8221;no&#8221; link=&#8221;&#8221; target=&#8221;_self&#8221; min_height=&#8221;&#8221; hide_on_mobile=&#8221;small-visibility,medium-visibility,large-visibility&#8221; class=&#8221;&#8221; id=&#8221;&#8221; background_color=&#8221;&#8221; background_image=&#8221;&#8221; background_position=&#8221;left top&#8221; background_repeat=&#8221;no-repeat&#8221; hover_type=&#8221;none&#8221; border_size=&#8221;0&#8243; border_color=&#8221;&#8221; border_style=&#8221;solid&#8221; border_position=&#8221;all&#8221; animation_type=&#8221;&#8221; animation_direction=&#8221;left&#8221; animation_speed=&#8221;0.3&#8243; animation_offset=&#8221;&#8221; last=&#8221;no&#8221;][fusion_text]<\/p>\n<h2 class=\"titulo_conteudo\"><span style=\"color: #34b163;\">2005<\/span><\/h2>\n<ul>\n<li>\u201cMigra\u00e7\u00f5es e Religi\u00f5es\u201d- Resenha n\u00ba 61 \u2013 Quarto trimestre de 2005<\/li>\n<li>\u201cXENOFOBIA: o migrante como amea\u00e7a. Por qu\u00ea?\u201d- Resenha n\u00ba 60 \u2013 Terceiro trimestre de 2005<\/li>\n<li>\u201cMigra\u00e7\u00f5es e desenvolvimento\u201d \u2013 Resenha n\u00ba 59\u2013 Segundo trimestre de 2005<\/li>\n<li>\u201cMigra\u00e7\u00f5es. Leis insuficientes e pol\u00edticas migrat\u00f3rias discriminat\u00f3rias\u201d \u2013 Resenha n\u00ba 58 \u2013 Primeiro trimestre de 2005<\/li>\n<\/ul>\n<p>[\/fusion_text][\/fusion_builder_column][\/fusion_builder_row][\/fusion_builder_container][fusion_builder_container hundred_percent=&#8221;no&#8221; hundred_percent_height=&#8221;no&#8221; hundred_percent_height_scroll=&#8221;no&#8221; hundred_percent_height_center_content=&#8221;yes&#8221; equal_height_columns=&#8221;no&#8221; menu_anchor=&#8221;&#8221; hide_on_mobile=&#8221;small-visibility,medium-visibility,large-visibility&#8221; class=&#8221;&#8221; id=&#8221;&#8221; background_color=&#8221;#ffffff&#8221; background_image=&#8221;&#8221; background_position=&#8221;center center&#8221; background_repeat=&#8221;no-repeat&#8221; fade=&#8221;no&#8221; background_parallax=&#8221;none&#8221; enable_mobile=&#8221;no&#8221; parallax_speed=&#8221;0.3&#8243; video_mp4=&#8221;&#8221; video_webm=&#8221;&#8221; video_ogv=&#8221;&#8221; video_url=&#8221;&#8221; video_aspect_ratio=&#8221;16:9&#8243; video_loop=&#8221;yes&#8221; video_mute=&#8221;yes&#8221; video_preview_image=&#8221;&#8221; border_size=&#8221;&#8221; border_color=&#8221;&#8221; border_style=&#8221;solid&#8221; margin_top=&#8221;&#8221; margin_bottom=&#8221;&#8221; padding_top=&#8221;10px&#8221; padding_right=&#8221;30px&#8221; padding_bottom=&#8221;&#8221; padding_left=&#8221;30px&#8221;][fusion_builder_row][fusion_builder_column type=&#8221;1_1&#8243; layout=&#8221;1_1&#8243; spacing=&#8221;&#8221; center_content=&#8221;no&#8221; link=&#8221;&#8221; target=&#8221;_self&#8221; min_height=&#8221;&#8221; hide_on_mobile=&#8221;small-visibility,medium-visibility,large-visibility&#8221; class=&#8221;&#8221; id=&#8221;&#8221; background_color=&#8221;&#8221; background_image=&#8221;&#8221; background_position=&#8221;left top&#8221; background_repeat=&#8221;no-repeat&#8221; hover_type=&#8221;none&#8221; border_size=&#8221;0&#8243; border_color=&#8221;&#8221; border_style=&#8221;solid&#8221; border_position=&#8221;all&#8221; animation_type=&#8221;&#8221; animation_direction=&#8221;left&#8221; animation_speed=&#8221;0.3&#8243; animation_offset=&#8221;&#8221; last=&#8221;no&#8221;][fusion_text]<\/p>\n<h2 class=\"titulo_conteudo\"><span style=\"color: #34b163;\">2004<\/span><\/h2>\n<ul>\n<li>\u201cTr\u00e1fico de seres humanos: nega\u00e7\u00e3o da dignidade\u201d &#8211; Resenha n\u00ba 57 \u2013 Quarto trimestre de 2004<\/li>\n<li>\u201cRefugiados: novos desafios na conjuntura atual\u201d \u2013 Resenha n\u00ba 56 \u2013 Terceiro trimestre de 2004<\/li>\n<li>\u201cMigra\u00e7\u00f5es: culturas e integra\u00e7\u00e3o\u201d \u2013 Resenha n\u00ba 55 \u2013 Segundo trimestre de 2004 &#8211;<\/li>\n<li>\u201cMigra\u00e7\u00f5es internacionais:\u00a0rumos e desafios\u201d \u2013 Resenha n\u00ba 54 \u2013 Primeiro trimestre de 2004<\/li>\n<\/ul>\n<p>[\/fusion_text][\/fusion_builder_column][\/fusion_builder_row][\/fusion_builder_container][fusion_builder_container hundred_percent=&#8221;no&#8221; hundred_percent_height=&#8221;no&#8221; hundred_percent_height_scroll=&#8221;no&#8221; hundred_percent_height_center_content=&#8221;yes&#8221; equal_height_columns=&#8221;no&#8221; menu_anchor=&#8221;&#8221; hide_on_mobile=&#8221;small-visibility,medium-visibility,large-visibility&#8221; class=&#8221;&#8221; id=&#8221;&#8221; background_color=&#8221;#ffffff&#8221; background_image=&#8221;&#8221; background_position=&#8221;center center&#8221; background_repeat=&#8221;no-repeat&#8221; fade=&#8221;no&#8221; background_parallax=&#8221;none&#8221; enable_mobile=&#8221;no&#8221; parallax_speed=&#8221;0.3&#8243; video_mp4=&#8221;&#8221; video_webm=&#8221;&#8221; video_ogv=&#8221;&#8221; video_url=&#8221;&#8221; video_aspect_ratio=&#8221;16:9&#8243; video_loop=&#8221;yes&#8221; video_mute=&#8221;yes&#8221; video_preview_image=&#8221;&#8221; border_size=&#8221;&#8221; border_color=&#8221;&#8221; border_style=&#8221;solid&#8221; margin_top=&#8221;&#8221; margin_bottom=&#8221;&#8221; padding_top=&#8221;10px&#8221; padding_right=&#8221;30px&#8221; padding_bottom=&#8221;&#8221; padding_left=&#8221;30px&#8221;][fusion_builder_row][fusion_builder_column type=&#8221;1_1&#8243; layout=&#8221;1_1&#8243; spacing=&#8221;&#8221; center_content=&#8221;no&#8221; link=&#8221;&#8221; target=&#8221;_self&#8221; min_height=&#8221;&#8221; hide_on_mobile=&#8221;small-visibility,medium-visibility,large-visibility&#8221; class=&#8221;&#8221; id=&#8221;&#8221; background_color=&#8221;&#8221; background_image=&#8221;&#8221; background_position=&#8221;left top&#8221; background_repeat=&#8221;no-repeat&#8221; hover_type=&#8221;none&#8221; border_size=&#8221;0&#8243; border_color=&#8221;&#8221; border_style=&#8221;solid&#8221; border_position=&#8221;all&#8221; animation_type=&#8221;&#8221; animation_direction=&#8221;left&#8221; animation_speed=&#8221;0.3&#8243; animation_offset=&#8221;&#8221; last=&#8221;no&#8221;][fusion_text]<\/p>\n<h2 class=\"titulo_conteudo\"><span style=\"color: #34b163;\">2003<\/span><\/h2>\n<ul>\n<li>\u201cDiscrimina\u00e7\u00f5es: o ser humano ferido\u201d \u2013 Resenha n\u00ba 53 \u2013 Quarto trimestre de 2003<\/li>\n<li>\u201cEmigra\u00e7\u00e3o: as lutas de brasileiros e brasileiras no exterior\u201d \u2013 Resenha n\u00ba 52 \u2013 Terceiro trimestre de 2003<\/li>\n<li>\u201cA mercantiliza\u00e7\u00e3o do ser humano\u201d &#8211; Resenha n\u00ba 51 \u2013 Segundo trimestre de 2003<\/li>\n<li>\u201cFraternidade e pessoas idosas\u201d \u2013 Resenha n\u00ba 50 \u2013 Primeiro trimestre de 2003<\/li>\n<\/ul>\n<p>[\/fusion_text][\/fusion_builder_column][\/fusion_builder_row][\/fusion_builder_container][fusion_builder_container hundred_percent=&#8221;no&#8221; hundred_percent_height=&#8221;no&#8221; hundred_percent_height_scroll=&#8221;no&#8221; hundred_percent_height_center_content=&#8221;yes&#8221; equal_height_columns=&#8221;no&#8221; menu_anchor=&#8221;&#8221; hide_on_mobile=&#8221;small-visibility,medium-visibility,large-visibility&#8221; class=&#8221;&#8221; id=&#8221;&#8221; background_color=&#8221;#ffffff&#8221; background_image=&#8221;&#8221; background_position=&#8221;center center&#8221; background_repeat=&#8221;no-repeat&#8221; fade=&#8221;no&#8221; background_parallax=&#8221;none&#8221; enable_mobile=&#8221;no&#8221; parallax_speed=&#8221;0.3&#8243; video_mp4=&#8221;&#8221; video_webm=&#8221;&#8221; video_ogv=&#8221;&#8221; video_url=&#8221;&#8221; video_aspect_ratio=&#8221;16:9&#8243; video_loop=&#8221;yes&#8221; video_mute=&#8221;yes&#8221; video_preview_image=&#8221;&#8221; border_size=&#8221;&#8221; border_color=&#8221;&#8221; border_style=&#8221;solid&#8221; margin_top=&#8221;&#8221; margin_bottom=&#8221;&#8221; padding_top=&#8221;10px&#8221; padding_right=&#8221;30px&#8221; padding_bottom=&#8221;&#8221; padding_left=&#8221;30px&#8221;][fusion_builder_row][fusion_builder_column type=&#8221;1_1&#8243; layout=&#8221;1_1&#8243; spacing=&#8221;&#8221; center_content=&#8221;no&#8221; link=&#8221;&#8221; target=&#8221;_self&#8221; min_height=&#8221;&#8221; hide_on_mobile=&#8221;small-visibility,medium-visibility,large-visibility&#8221; class=&#8221;&#8221; id=&#8221;&#8221; background_color=&#8221;&#8221; background_image=&#8221;&#8221; background_position=&#8221;left top&#8221; background_repeat=&#8221;no-repeat&#8221; hover_type=&#8221;none&#8221; border_size=&#8221;0&#8243; border_color=&#8221;&#8221; border_style=&#8221;solid&#8221; border_position=&#8221;all&#8221; animation_type=&#8221;&#8221; animation_direction=&#8221;left&#8221; animation_speed=&#8221;0.3&#8243; animation_offset=&#8221;&#8221; last=&#8221;no&#8221;][fusion_text]<\/p>\n<h2 class=\"titulo_conteudo\"><span style=\"color: #34b163;\">2002<\/span><\/h2>\n<ul>\n<li>\u201c\u00c1gua: fonte de seguran\u00e7a alimentar\u201d \u2013 Resenha n\u00ba 49 \u2013 Quarto trimestre de 2002<\/li>\n<li>\u201cImigrante: rejeitado, mas indispens\u00e1vel!\u201d \u2013 Resenha n\u00ba 48 \u2013 Terceiro trimestre de 2002<\/li>\n<li>\u201cAlimenta\u00e7\u00e3o \u00e9 um direito humano. Por que tanta fome?\u201d &#8211; Resenha n\u00ba 47 \u2013 Segundo trimestre de 2002<\/li>\n<\/ul>\n<p>[\/fusion_text][\/fusion_builder_column][\/fusion_builder_row][\/fusion_builder_container]<\/p>\n","protected":false},"excerpt":{"rendered":"<p>[fusion_builder_container hundred_percent=&#8221;no&#8221; hundred_percent_height=&#8221;no&#8221; hundred_percent_height_scroll=&#8221;no&#8221; hundred_percent_height_center_content=&#8221;yes&#8221; equal_height_columns=&#8221;no&#8221; menu_anchor=&#8221;&#8221; hide_on_mobile=&#8221;small-visibility,medium-visibility,large-visibility&#8221; class=&#8221;mobileMenu&#8221; id=&#8221;&#8221; background_color=&#8221;&#8221; background_image=&#8221;&#8221; background_position=&#8221;center center&#8221; background_repeat=&#8221;no-repeat&#8221; fade=&#8221;no&#8221; background_parallax=&#8221;none&#8221; enable_mobile=&#8221;no&#8221; parallax_speed=&#8221;0.3&#8243; video_mp4=&#8221;&#8221; video_webm=&#8221;&#8221; video_ogv=&#8221;&#8221; video_url=&#8221;&#8221; video_aspect_ratio=&#8221;16:9&#8243; video_loop=&#8221;yes&#8221; video_mute=&#8221;yes&#8221; video_preview_image=&#8221;&#8221; border_size=&#8221;&#8221; border_color=&#8221;&#8221; border_style=&#8221;solid&#8221; margin_top=&#8221;&#8221; margin_bottom=&#8221;&#8221; padding_top=&#8221;&#8221; padding_right=&#8221;&#8221; padding_bottom=&#8221;&#8221; padding_left=&#8221;&#8221;][fusion_builder_row][fusion_builder_column type=&#8221;1_1&#8243; layout=&#8221;1_1&#8243; spacing=&#8221;&#8221; center_content=&#8221;no&#8221; link=&#8221;&#8221; target=&#8221;_self&#8221; min_height=&#8221;&#8221; hide_on_mobile=&#8221;small-visibility,medium-visibility,large-visibility&#8221; class=&#8221;&#8221; id=&#8221;&#8221; background_color=&#8221;&#8221; background_image=&#8221;&#8221; background_position=&#8221;left top&#8221; background_repeat=&#8221;no-repeat&#8221; hover_type=&#8221;none&#8221; border_size=&#8221;0&#8243; border_color=&#8221;&#8221; border_style=&#8221;solid&#8221; [&hellip;]<\/p>\n","protected":false},"author":2,"featured_media":0,"parent":0,"menu_order":0,"comment_status":"closed","ping_status":"closed","template":"","meta":{"_acf_changed":false,"footnotes":""},"class_list":["post-14936","page","type-page","status-publish","hentry"],"acf":[],"_links":{"self":[{"href":"https:\/\/www.csem.org.br\/pt_br\/wp-json\/wp\/v2\/pages\/14936","targetHints":{"allow":["GET"]}}],"collection":[{"href":"https:\/\/www.csem.org.br\/pt_br\/wp-json\/wp\/v2\/pages"}],"about":[{"href":"https:\/\/www.csem.org.br\/pt_br\/wp-json\/wp\/v2\/types\/page"}],"author":[{"embeddable":true,"href":"https:\/\/www.csem.org.br\/pt_br\/wp-json\/wp\/v2\/users\/2"}],"replies":[{"embeddable":true,"href":"https:\/\/www.csem.org.br\/pt_br\/wp-json\/wp\/v2\/comments?post=14936"}],"version-history":[{"count":0,"href":"https:\/\/www.csem.org.br\/pt_br\/wp-json\/wp\/v2\/pages\/14936\/revisions"}],"wp:attachment":[{"href":"https:\/\/www.csem.org.br\/pt_br\/wp-json\/wp\/v2\/media?parent=14936"}],"curies":[{"name":"wp","href":"https:\/\/api.w.org\/{rel}","templated":true}]}}