{"id":24387,"date":"2024-11-08T11:44:19","date_gmt":"2024-11-08T14:44:19","guid":{"rendered":"https:\/\/www.csem.org.br\/?post_type=csem_em_foco&#038;p=24387"},"modified":"2024-11-08T11:44:20","modified_gmt":"2024-11-08T14:44:20","slug":"derrubar-os-muros-da-miseria-viii-dia-mundial-dos-pobres","status":"publish","type":"csem_em_foco","link":"https:\/\/www.csem.org.br\/pt_br\/csem_em_foco\/derrubar-os-muros-da-miseria-viii-dia-mundial-dos-pobres\/","title":{"rendered":"Derrubar os muros da mis\u00e9ria &#8211; VIII Dia Mundial dos Pobres"},"content":{"rendered":"\n<p><\/p>\n\n\n\n<p>O Dia Mundial dos Pobres foi institu\u00eddo por Papa Francisco em 2016, ao final do Jubileu Extraordin\u00e1rio da Miseric\u00f3rdia. O objetivo \u00e9 conscientizar acerca da realidade da desigualdade social e do empobrecimento de milh\u00f5es de pessoas no mundo inteiro, um empobrecimento provocado sobretudo por institui\u00e7\u00f5es e estruturas que tendem a explorar trabalhadores\/as, depredar o meio ambiente e concentrar riquezas nas m\u00e3os de poucos.<\/p>\n\n\n\n<p>\u00c9 fundamental reconhecer que o forte aumento do n\u00famero de pessoas em situa\u00e7\u00e3o de indig\u00eancia ou sem o necess\u00e1rio para viver com dignidade n\u00e3o \u00e9 produto do destino, da vontade de uma divindade ou, simplesmente, da incapacidade ou culpabilidade das v\u00edtimas. Papa Francisco sublinha isso ao dizer que \u201c<em>os pobres t\u00eam um lugar privilegiado no cora\u00e7\u00e3o de Deus<\/em>, a tal ponto que, perante o seu sofrimento, Deus se \u201cimpacienta\u201d enquanto n\u00e3o lhes faz justi\u00e7a\u201d (Mensagem, 2024).<\/p>\n\n\n\n<p>O empobrecimento n\u00e3o \u00e9 vontade de Deus, mas n\u00e3o pode ser tamb\u00e9m genericamente atribu\u00eddo a uma culpa das v\u00edtimas. Sobre isso cabe focar a quest\u00e3o migrat\u00f3ria. H\u00e1 milh\u00f5es de pessoas migrantes no mundo inteiro que resolvem, com coragem e sofrimento, abandonar a pr\u00f3pria terra, os pr\u00f3prios parentes, os pr\u00f3prios referenciais identit\u00e1rios, em busca de condi\u00e7\u00f5es mais dignas de vida, para si e para seus familiares. Fogem de sistemas econ\u00f4micos, institui\u00e7\u00f5es pol\u00edticas, contextos b\u00e9licos e sociais que n\u00e3o lhes oferecem alguma oportunidade para viver com dignidade e os condenam a viver na mis\u00e9ria.<\/p>\n\n\n\n<p>Nessa perspectiva, o ato migrat\u00f3rio, n\u00e3o raramente, \u00e9 uma extrema tentativa de fuga da jaula da pobreza a que s\u00e3o condenadas milh\u00f5es de pessoas. Migra-se em busca de uma \u201coportunidade\u201d, de uma \u201cocasi\u00e3o\u201d, de uma \u201cbrecha\u201d para superar os muros da mis\u00e9ria. O ato migrat\u00f3rio denuncia as jaulas da pobreza, enfatiza a coragem, os esfor\u00e7os e as lutas das pessoas migrantes e, sobretudo, desmistifica as ideologias que tendem a culpabilizar as v\u00edtimas. Nesse sentido, oferecer uma \u201coportunidade\u201d \u00e9 antes de tudo um ato de justi\u00e7a.<\/p>\n\n\n\n<p>Que a celebra\u00e7\u00e3o do VIII dia dos Pobres fortale\u00e7a nosso compromisso de solidariedade para derrubar todos os muros da mis\u00e9ria.<\/p>\n","protected":false},"featured_media":24388,"parent":0,"template":"","categories":[84,59],"class_list":["post-24387","csem_em_foco","type-csem_em_foco","status-publish","has-post-thumbnail","hentry","category-84","category-destaque-csem-em-foco"],"acf":[],"_links":{"self":[{"href":"https:\/\/www.csem.org.br\/pt_br\/wp-json\/wp\/v2\/csem_em_foco\/24387","targetHints":{"allow":["GET"]}}],"collection":[{"href":"https:\/\/www.csem.org.br\/pt_br\/wp-json\/wp\/v2\/csem_em_foco"}],"about":[{"href":"https:\/\/www.csem.org.br\/pt_br\/wp-json\/wp\/v2\/types\/csem_em_foco"}],"wp:featuredmedia":[{"embeddable":true,"href":"https:\/\/www.csem.org.br\/pt_br\/wp-json\/wp\/v2\/media\/24388"}],"wp:attachment":[{"href":"https:\/\/www.csem.org.br\/pt_br\/wp-json\/wp\/v2\/media?parent=24387"}],"wp:term":[{"taxonomy":"category","embeddable":true,"href":"https:\/\/www.csem.org.br\/pt_br\/wp-json\/wp\/v2\/categories?post=24387"}],"curies":[{"name":"wp","href":"https:\/\/api.w.org\/{rel}","templated":true}]}}