{"id":14378,"date":"2018-05-24T11:56:28","date_gmt":"2018-05-24T14:56:28","guid":{"rendered":"https:\/\/www.csem.org.br\/?post_type=csem_em_foco&#038;p=14378"},"modified":"2023-07-21T16:30:05","modified_gmt":"2023-07-21T19:30:05","slug":"livro-migracoes-refugio-e-comunidade-crista","status":"publish","type":"csem_em_foco","link":"https:\/\/www.csem.org.br\/pt_br\/csem_em_foco\/livro-migracoes-refugio-e-comunidade-crista\/","title":{"rendered":"Livro: &#8220;Migra\u00e7\u00f5es, ref\u00fagio e comunidade crist\u00e3&#8221;"},"content":{"rendered":"<p style=\"text-align: justify;\"><em>A Editora CSEM e a Paulus Editora lan\u00e7am o livro &#8220;Migra\u00e7\u00f5es, ref\u00fagio e comunidade crist\u00e3 &#8211; Reflex\u00f5es pastorais para a forma\u00e7\u00e3o de agentes&#8221;.<\/em><\/p>\n<p style=\"text-align: justify;\"><img fetchpriority=\"high\" decoding=\"async\" class=\"alignleft size-400 wp-image-14379\" src=\"https:\/\/www.csem.org.br\/wp-content\/uploads\/2018\/08\/Capa_Migracaes_refugio_e_comunidade_crista-400x604.jpg\" alt=\"\" width=\"400\" height=\"604\" title=\"\">O conjunto de treze artigos de especialistas sobre teologia pastoral e mobilidade humana traz reflex\u00f5es sobre temas relacionados \u00e0 viv\u00eancia e ao servi\u00e7o pastoral que desafiam agentes, lideran\u00e7as eclesiais e migrantes\/refugiados.<\/p>\n<p style=\"text-align: justify;\">Com organiza\u00e7\u00e3o de Carmem Lussi e Roberto Marinucci, foi pensado, especialmente, para leitores que atuam ou gostariam de atuar em contexto eclesial para\/com ou junto a migrantes e\/ou refugiados. S\u00e3o exposi\u00e7\u00f5es e ideias a partir de uma vis\u00e3o da mobilidade humana como processo positivo e propositivo, seja para a humanidade em geral, que para a Igreja, em modo particular.<\/p>\n<p style=\"text-align: justify;\">&#8220;Das muitas mensagens e ensinamentos que podem ser extra\u00eddos dessa obra,m ressalta-se o desafio que faz para que sejamos Igreja Mission\u00e1ria, sempre em sa\u00edda, mas sempre em articula\u00e7\u00e3o, superando o assistencialismo e o paternalismo. Igualmente nos desafia enquanto agentes de pastoral, a nos imbuirmos de uma leitura de f\u00e9 dos fen\u00f4menos da mobilidade humana e das migra\u00e7\u00f5es for\u00e7adas: para al\u00e9m da incultura\u00e7\u00e3o, superemos todo etnocentrismo, qualquer que seja ele.&#8221; &#8211; Dom Jos\u00e9 Luiz Salles<\/p>\n<p style=\"text-align: justify;\">O livro est\u00e1 \u00e0 venda nas lojas f\u00edsicas da Paulus e tamb\u00e9m pela internet:\u00a0<a href=\"https:\/\/goo.gl\/xg3ae1\" target=\"_blank\" rel=\"noopener\">https:\/\/goo.gl\/xg3ae1<\/a><\/p>\n<p style=\"text-align: justify;\">Para adquirir o livro por meio do CSEM, entre em contato com o e-mail\u00a0<a href=\"mailto:csem@csem.org.br\">csem@csem.org.br<\/a><\/p>\n<p style=\"text-align: justify;\">\n","protected":false},"featured_media":0,"parent":0,"template":"","categories":[37],"class_list":["post-14378","csem_em_foco","type-csem_em_foco","status-publish","hentry","category-37"],"acf":[],"_links":{"self":[{"href":"https:\/\/www.csem.org.br\/pt_br\/wp-json\/wp\/v2\/csem_em_foco\/14378","targetHints":{"allow":["GET"]}}],"collection":[{"href":"https:\/\/www.csem.org.br\/pt_br\/wp-json\/wp\/v2\/csem_em_foco"}],"about":[{"href":"https:\/\/www.csem.org.br\/pt_br\/wp-json\/wp\/v2\/types\/csem_em_foco"}],"wp:attachment":[{"href":"https:\/\/www.csem.org.br\/pt_br\/wp-json\/wp\/v2\/media?parent=14378"}],"wp:term":[{"taxonomy":"category","embeddable":true,"href":"https:\/\/www.csem.org.br\/pt_br\/wp-json\/wp\/v2\/categories?post=14378"}],"curies":[{"name":"wp","href":"https:\/\/api.w.org\/{rel}","templated":true}]}}