{"id":14328,"date":"2016-09-16T11:05:44","date_gmt":"2016-09-16T14:05:44","guid":{"rendered":"https:\/\/www.csem.org.br\/?post_type=csem_em_foco&#038;p=14328"},"modified":"2023-07-21T16:25:02","modified_gmt":"2023-07-21T19:25:02","slug":"remhu-47-o-protagonismo-dos-migrantes","status":"publish","type":"csem_em_foco","link":"https:\/\/www.csem.org.br\/pt_br\/csem_em_foco\/remhu-47-o-protagonismo-dos-migrantes\/","title":{"rendered":"REMHU 47: O protagonismo dos migrantes"},"content":{"rendered":"<p>Acaba de sair o n. 47 da\u00a0<strong>REMHU<\/strong>, Revista Interdisciplinar da Mobilidade Humana\u00a0com um dossi\u00ea sobre o tema:\u00a0<strong>O protagonismo dos migrantes.<\/strong>\u00a0Todos os artigos est\u00e3o dispon\u00edveis no site SciELO Brasil (<a href=\"http:\/\/www.scielo.br\/remhu\" target=\"_blank\" rel=\"noopener\">www.scielo.br\/remhu<\/a>).<\/p>\n<p>Confira abaixo o sum\u00e1rio:<\/p>\n<p class=\"ygrps-yiv-800892592msonormal\"><strong>EDITORIAL<\/strong><\/p>\n<p class=\"ygrps-yiv-800892592msonormal\"><a href=\"http:\/\/dx.doi.org\/10.1590\/1980-85852503880004701\" target=\"_blank\" rel=\"noopener\">O protagonismo dos Migrantes<\/a>\u00a0&#8211;\u00a0<em>Roberto Marinucci<\/em><\/p>\n<p class=\"Sumrio-Sees\"><strong>Dossi\u00ea: \u201cO PROTAGONISMO DOS MIGRANTES\u201d\u00a0<\/strong><\/p>\n<p class=\"Sumrio-ttuloartigos\" align=\"left\"><a href=\"http:\/\/dx.doi.org\/10.1590\/1980-85852503880004702\" target=\"_blank\" rel=\"noopener\">\u201cCan migrants act?\u201d. Presenza, organizzazione, visibilit\u00e0 in un orizzonte precario<\/a>\u00a0&#8211;\u00a0<em>Filippo Furri<\/em><\/p>\n<p class=\"Sumrio-ttuloartigos\" align=\"left\"><a href=\"http:\/\/dx.doi.org\/10.1590\/1980-85852503880004703\" target=\"_blank\" rel=\"noopener\">Asociaciones de inmigrantes en la encrucijada. Acci\u00f3n transnacional y riesgos de cooptaci\u00f3n<\/a>\u00a0&#8211;\u00a0<em>Joan Lacomba<\/em><\/p>\n<p class=\"Sumrio-ttuloartigos\" align=\"left\"><a href=\"http:\/\/dx.doi.org\/10.1590\/1980-85852503880004704\" target=\"_blank\" rel=\"noopener\">Alcance te\u00f3rico y pr\u00e1ctico del transnacionalismo: la participaci\u00f3n pol\u00edtica de los inmigrantes nigerianos en la ciudad de Nueva York<\/a>\u00a0<em>&#8211; Leila Rodr\u00edguez<\/em><\/p>\n<p class=\"Sumrio-ttuloartigos\" align=\"left\"><a href=\"http:\/\/dx.doi.org\/10.1590\/1980-85852503880004705\" target=\"_blank\" rel=\"noopener\">Un lugar donde vivir. Las luchas migrantes por el acceso al espacio urbano en la ciudad de C\u00f3rdoba (Argentina)<\/a>\u00a0&#8211;<em>\u00a0Mar\u00eda Victoria Perissinotti<\/em><\/p>\n<p class=\"Sumrio-ttuloartigos\" align=\"left\"><a href=\"http:\/\/dx.doi.org\/10.1590\/1980-85852503880004706\" target=\"_blank\" rel=\"noopener\">Agency, resistance and (forced) mobilities. The case of Syrian refugees in transit through Italy\u00a0<\/a>&#8211;\u00a0<em>Chiara Denaro<\/em><\/p>\n<p class=\"Sumrio-ttuloartigos\" align=\"left\"><a href=\"http:\/\/dx.doi.org\/10.1590\/1980-85852503880004707\" target=\"_blank\" rel=\"noopener\">Lidiando con la frontera vertical: estrategias migratorias de los hondure\u00f1os en tr\u00e1nsito por M\u00e9xico<\/a>\u00a0&#8211;<em>\u00a0Jos\u00e9 Carlos Yee Quintero, Eduardo Torre Cantalapiedra<\/em><\/p>\n<p class=\"Sumrio-ttuloartigos\" align=\"left\"><a href=\"http:\/\/dx.doi.org\/10.1590\/1980-85852503880004708\" target=\"_blank\" rel=\"noopener\">Sobre burocracias, documentos e sujeitos imigrantes: otimiza\u00e7\u00e3o e flexibilidade na viv\u00eancia da mobilidade<\/a>\u00a0&#8211;<em>\u00a0Daniel Angel Etcheverry<\/em><\/p>\n<p class=\"Sumrio-Sees\"><strong>ARTIGOS<\/strong><\/p>\n<p class=\"Sumrio-ttuloartigos\" align=\"left\"><a href=\"http:\/\/dx.doi.org\/10.1590\/1980-85852503880004709\" target=\"_blank\" rel=\"noopener\">V\u00ednculos transfronterizos: vida, movilidad y comercio en el barrio boliviano de Iquique, Chile<\/a>\u00a0&#8211;\u00a0<em>Marcela Tapia Ladino, Fernanda Chac\u00f3n Onetto<\/em><\/p>\n<p class=\"Sumrio-ttuloartigos\" align=\"left\"><a href=\"http:\/\/dx.doi.org\/10.1590\/1980-85852503880004710\" target=\"_blank\" rel=\"noopener\">La innovaci\u00f3n y la migraci\u00f3n calificada en la encrucijada: reflexiones a partir de la experiencia mexicana<\/a>\u00a0&#8211;<em>\u00a0Ra\u00fal Delgado Wise, M\u00f3nica<\/em>\u00a0Guadalupe Ch\u00e1vez Elorza, H\u00e9ctor Rodr\u00edguez Ram\u00edrez<\/p>\n<p class=\"Sumrio-ttuloartigos\" align=\"left\"><a href=\"http:\/\/dx.doi.org\/10.1590\/1980-85852503880004711\" target=\"_blank\" rel=\"noopener\">Situa\u00e7\u00e3o e contexto: pol\u00edticas migrat\u00f3rias e intera\u00e7\u00f5es com refugiados no norte de Angola<\/a>\u00a0&#8211;<em>\u00a0Paulo Ricardo Muller<\/em><\/p>\n<p class=\"Sumrio-Sees\"><strong>RELATOS E REFLEX\u00d5ES<\/strong><\/p>\n<p class=\"Sumrio-ttuloartigos\" align=\"left\"><a href=\"http:\/\/dx.doi.org\/10.1590\/1980-85852503880004712\" target=\"_blank\" rel=\"noopener\">Una scatola di cartone, De Amicis e il Porto Antico di Genova<\/a>\u00a0<em>&#8211;\u00a0Adriana Marcolini<\/em><\/p>\n<p class=\"Sumrio-ttuloartigos\" align=\"left\"><a href=\"http:\/\/dx.doi.org\/10.1590\/1980-85852503880004713\" target=\"_blank\" rel=\"noopener\">A explora\u00e7\u00e3o mineira e o reassentamento for\u00e7ado em Mo\u00e7ambique: uma reflex\u00e3o sobre a situa\u00e7\u00e3o dos deslocados do desenvolvimento<\/a>\u00a0&#8211;\u00a0<em>Maria Eduarda de Andrade e Sousa<\/em><\/p>\n<p class=\"Sumrio-ttuloartigos\"><a href=\"http:\/\/dx.doi.org\/10.1590\/1980-85852503880004714\" target=\"_blank\" rel=\"noopener\">Migraci\u00f3n y deportaci\u00f3n\u00a0<\/a>&#8211;<em>\u00a0Hna Valdete Wilemann<\/em><\/p>\n<p class=\"Sumrio-Sees\"><strong>RESENHAS, TESES E DISSERTA\u00c7\u00d5ES<\/strong><\/p>\n<p class=\"Sumrio-ttuloartigos\"><a href=\"http:\/\/dx.doi.org\/10.1590\/1980-85852503880004715\" target=\"_blank\" rel=\"noopener\">A Prote\u00e7\u00e3o dos \u201cRefugiados Ambientais\u201d no Direito Internacional<\/a>, por Carolina de Abreu Batista Claro &#8211;<em>\u00a0Carolina de Abreu Batista Claro<\/em><\/p>\n<p class=\"Sumrio-Sees\"><strong><a href=\"http:\/\/dx.doi.org\/10.1590\/1980-85852503880004716\" target=\"_blank\" rel=\"noopener\">ERRATA\u00a0<\/a><\/strong><\/p>\n<p class=\"Sumrio-Sees\">\n<p class=\"Sumrio-Sees\"><img fetchpriority=\"high\" decoding=\"async\" class=\"size-full wp-image-14329 aligncenter\" src=\"https:\/\/www.csem.org.br\/wp-content\/uploads\/2018\/08\/Capa_47_Grafica_Verde_pequena.jpg\" alt=\"\" width=\"355\" height=\"520\" title=\"\" srcset=\"https:\/\/www.csem.org.br\/wp-content\/uploads\/2018\/08\/Capa_47_Grafica_Verde_pequena.jpg 355w, https:\/\/www.csem.org.br\/wp-content\/uploads\/2018\/08\/Capa_47_Grafica_Verde_pequena-205x300.jpg 205w\" sizes=\"(max-width: 355px) 100vw, 355px\" \/><\/p>\n","protected":false},"featured_media":0,"parent":0,"template":"","categories":[41],"class_list":["post-14328","csem_em_foco","type-csem_em_foco","status-publish","hentry","category-41"],"acf":[],"_links":{"self":[{"href":"https:\/\/www.csem.org.br\/pt_br\/wp-json\/wp\/v2\/csem_em_foco\/14328","targetHints":{"allow":["GET"]}}],"collection":[{"href":"https:\/\/www.csem.org.br\/pt_br\/wp-json\/wp\/v2\/csem_em_foco"}],"about":[{"href":"https:\/\/www.csem.org.br\/pt_br\/wp-json\/wp\/v2\/types\/csem_em_foco"}],"wp:attachment":[{"href":"https:\/\/www.csem.org.br\/pt_br\/wp-json\/wp\/v2\/media?parent=14328"}],"wp:term":[{"taxonomy":"category","embeddable":true,"href":"https:\/\/www.csem.org.br\/pt_br\/wp-json\/wp\/v2\/categories?post=14328"}],"curies":[{"name":"wp","href":"https:\/\/api.w.org\/{rel}","templated":true}]}}