{"id":25943,"date":"2025-05-20T20:29:43","date_gmt":"2025-05-20T23:29:43","guid":{"rendered":"https:\/\/www.csem.org.br\/?post_type=csem_em_foco&#038;p=25943"},"modified":"2025-05-21T14:54:58","modified_gmt":"2025-05-21T17:54:58","slug":"jorge-castillo-guerra-propoe-visao-humanizadora-da-migracao","status":"publish","type":"csem_em_foco","link":"https:\/\/www.csem.org.br\/it\/csem_em_foco\/jorge-castillo-guerra-propoe-visao-humanizadora-da-migracao\/","title":{"rendered":"Jorge Castillo Guerra prop\u00f5e vis\u00e3o humanizadora da migra\u00e7\u00e3o"},"content":{"rendered":"<p>O deslocamento de pessoas for\u00e7ado por guerras, crises pol\u00edticas e amea\u00e7as \u00e0 vida representa um dos grandes desafios contempor\u00e2neos. N\u00e3o apenas pelo volume de pessoas em movimento, mas pela urg\u00eancia de se construir formas mais humanas de conviv\u00eancia.<\/p>\n\n\n\n<p>Para o te\u00f3logo e soci\u00f3logo Jorge E. Castillo Guerra, professor da Universidade Radboud de Nimega, nos Pa\u00edses Baixos: \u201cConviver \u00e9 acolher, \u00e9 se compadecer. Uma conviv\u00eancia verdadeiramente humanizadora rompe com a l\u00f3gica da indiferen\u00e7a e aposta em v\u00ednculos solid\u00e1rios\u201d. E, segundo ele, enfrentar esse cen\u00e1rio exige mais do que respostas log\u00edsticas: \u00e9 preciso apostar na solidariedade ativa e na escuta atenta da dor migrante.<\/p>\n\n\n\n<p>Essas reflex\u00f5es estar\u00e3o no centro da III Confer\u00eancia Internacional do Centro Scalabriniano de Estudos Migrat\u00f3rios (CSEM), que acontece entre os dias 19 e 22 de maio de 2025, em Bras\u00edlia. Com o tema \u201cDi\u00e1logos para compreender, humanizar e valorizar as pessoas em mobilidade\u201d, o evento reunir\u00e1 pesquisadores, lideran\u00e7as migrantes e refugiadas, organiza\u00e7\u00f5es da sociedade civil, pastorais, representantes governamentais e organismos internacionais.<\/p>\n\n\n\n<p>A programa\u00e7\u00e3o bil\u00edngue contar\u00e1 com mesas de debate, col\u00f3quios e grupos tem\u00e1ticos sobre temas como pol\u00edticas p\u00fablicas inclusivas, interseccionalidades, acesso a direitos e o papel das redes de apoio.<\/p>\n\n\n\n<p>Confirmado como um dos palestrantes da III Confer\u00eancia Internacional do CSEM, Jorge E. Castillo Guerra concedeu uma entrevista \u00e0 institui\u00e7\u00e3o para refor\u00e7ar a urg\u00eancia de romper com estruturas desumanizantes que marcam a mobilidade for\u00e7ada.&nbsp;<\/p>\n\n\n\n<p>\u201cA migra\u00e7\u00e3o for\u00e7ada conforma situa\u00e7\u00f5es em que as pessoas s\u00e3o empurradas a deixar seus lares por amea\u00e7as de morte r\u00e1pida ou lenta. Conviver \u00e9, antes de tudo, praticar uma solidariedade no sentido do Bom Samaritano \u2014 identificar quem chega em busca de apoio e criar condi\u00e7\u00f5es para uma acolhida verdadeiramente humana\u201d, afirmou. Castillo tamb\u00e9m destacou o papel essencial das tradi\u00e7\u00f5es religiosas e da espiritualidade como fonte de for\u00e7a, resili\u00eancia e reconstru\u00e7\u00e3o para quem atravessa o luto e a perda em territ\u00f3rios desconhecidos.<\/p>\n\n\n\n<p><strong>Espiritualidade como fonte de resist\u00eancia<\/strong><\/p>\n\n\n\n<p>Para Castillo Guerra existe um papel crucial na espiritualidade para o enfrentamento das perdas que acompanham o deslocamento. Segundo ele, a migra\u00e7\u00e3o \u00e9 tamb\u00e9m uma experi\u00eancia de luto: a aus\u00eancia de familiares, a incerteza legal, o sentimento de solid\u00e3o.<\/p>\n\n\n\n<p>\u201cPara muitos migrantes, chegar a um novo lugar significa um tempo de crise. Uma noite escura e solit\u00e1ria da qual esperam, um dia, sair. A pr\u00f3pria espiritualidade torna-se mais valiosa do que nunca, pois \u00e9 ela que aproxima de Deus e, por meio dela, encontram for\u00e7as. A f\u00e9 levanta aquele que est\u00e1 ca\u00eddo, e os migrantes encontram nela uma fonte para uma atitude resiliente.<\/p>\n\n\n\n<p>Dentro das comunidades crist\u00e3s, diz o professor, os migrantes compartilham essa espiritualidade e encontram apoio m\u00fatuo: \u201cH\u00e1 uma riqueza imensa quando quem est\u00e1 na noite escura encontra outros que j\u00e1 vivem \u00e0 luz da aurora\u201d, afirma, com refer\u00eancia ao livro dos Prov\u00e9rbios 4-18-21.<\/p>\n\n\n\n<p><strong>Migrantes como agentes de renova\u00e7\u00e3o social<\/strong><\/p>\n\n\n\n<p>Castillo Guerra tamb\u00e9m chama aten\u00e7\u00e3o para as din\u00e2micas internas das comunidades migrantes. Segundo ele, conflitos e tens\u00f5es sociais presentes nos pa\u00edses de origem muitas vezes tamb\u00e9m atravessam as fronteiras, exigindo das pessoas migrantes um processo cont\u00ednuo de redefini\u00e7\u00e3o de valores e identidade.&nbsp;<\/p>\n\n\n\n<p>\u201cA experi\u00eancia da desterritorializa\u00e7\u00e3o transforma. Muitos enfrentam o apelo do materialismo e do consumo f\u00e1cil, mas h\u00e1 tamb\u00e9m aqueles que, a partir de refer\u00eancias culturais e crist\u00e3s, promovem interc\u00e2mbios humanizantes \u2014 acolhendo outros migrantes, participando de redes de apoio e fortalecendo os la\u00e7os dentro e fora de suas comunidades\u201d.&nbsp;<\/p>\n\n\n\n<p>Nesse processo, os espa\u00e7os para migrantes ocupam um papel fundamental, com espa\u00e7os que contribuem para a coes\u00e3o intercultural e fortalecem o chamado tecido social, que, al\u00e9m de oferecer apoio aos rec\u00e9m-chegados, criam redes de solidariedade que ultrapassam fronteiras culturais e nacionais.<\/p>","protected":false},"featured_media":25955,"parent":0,"template":"","categories":[],"class_list":["post-25943","csem_em_foco","type-csem_em_foco","status-publish","has-post-thumbnail","hentry"],"acf":[],"_links":{"self":[{"href":"https:\/\/www.csem.org.br\/it\/wp-json\/wp\/v2\/csem_em_foco\/25943","targetHints":{"allow":["GET"]}}],"collection":[{"href":"https:\/\/www.csem.org.br\/it\/wp-json\/wp\/v2\/csem_em_foco"}],"about":[{"href":"https:\/\/www.csem.org.br\/it\/wp-json\/wp\/v2\/types\/csem_em_foco"}],"wp:featuredmedia":[{"embeddable":true,"href":"https:\/\/www.csem.org.br\/it\/wp-json\/wp\/v2\/media\/25955"}],"wp:attachment":[{"href":"https:\/\/www.csem.org.br\/it\/wp-json\/wp\/v2\/media?parent=25943"}],"wp:term":[{"taxonomy":"category","embeddable":true,"href":"https:\/\/www.csem.org.br\/it\/wp-json\/wp\/v2\/categories?post=25943"}],"curies":[{"name":"wp","href":"https:\/\/api.w.org\/{rel}","templated":true}]}}