{"id":23290,"date":"2023-12-18T08:35:21","date_gmt":"2023-12-18T11:35:21","guid":{"rendered":"https:\/\/www.csem.org.br\/?post_type=csem_em_foco&#038;p=23290"},"modified":"2024-02-29T11:46:44","modified_gmt":"2024-02-29T14:46:44","slug":"desafios-protagonismos-e-resiliencia-no-dia-internacional-dos-migrantes-conheca-as-historias-de-diana-e-carmen","status":"publish","type":"csem_em_foco","link":"https:\/\/www.csem.org.br\/it\/csem_em_foco\/desafios-protagonismos-e-resiliencia-no-dia-internacional-dos-migrantes-conheca-as-historias-de-diana-e-carmen\/","title":{"rendered":"Desafios, protagonismo e resili\u00eancia: No Dia Internacional dos Migrantes, conhe\u00e7a as hist\u00f3rias de Diana e Carmen"},"content":{"rendered":"<p>Atualmente, conforme a <a href=\"https:\/\/brazil.iom.int\/pt-br\" target=\"_blank\" rel=\"noopener\">Organiza\u00e7\u00e3o Internacional para as Migra\u00e7\u00f5es (OIM)<\/a>, mais de 280 milh\u00f5es de pessoas ao redor do mundo residem em um pa\u00eds diferente daquele em que nasceram. S\u00e3o os assim chamados migrantes internacionais, que correspondem a cerca de 3,6% da popula\u00e7\u00e3o mundial. Entre eles, 169 milh\u00f5es s\u00e3o trabalhadores\/as. 135 milh\u00f5es s\u00e3o mulheres e as crian\u00e7as correspondem a 14,6% do total.<\/p>\n\n\n\n<p>No Centro Scalabriniano de Estudos Migrat\u00f3rios (CSEM) de Bras\u00edlia \u2013 organismo da <a href=\"https:\/\/scalabrinianas.org\/\" data-type=\"link\" data-id=\"https:\/\/scalabrinianas.org\/\" target=\"_blank\" rel=\"noopener\">Congrega\u00e7\u00e3o das Irm\u00e3s de S\u00e3o Carlos Borromeo, Scalabrinianas<\/a> \u2013, trabalham duas mulheres migrantes venezuelanas: Diana e Carmen. Suas hist\u00f3rias ajudam a destacar duas caracter\u00edsticas das migra\u00e7\u00f5es contempor\u00e2neas: o <em>protagonismo<\/em>, enquanto n\u00e3o aceita\u00e7\u00e3o passiva de uma realidade adversa, e a <em>resili\u00eancia<\/em>, enquanto enfrentamento corajoso dos desafios encontrados.<\/p>\n\n\n\n<p>Seguindo o padr\u00e3o de muitas pessoas migrantes, Diana e Carmen decidiram deixar seu pa\u00eds em busca de itens b\u00e1sicos e melhores condi\u00e7\u00f5es de vida. &#8220;<em>Minha fam\u00edlia estava passando fome. Eu trabalhava muito, mas o sal\u00e1rio n\u00e3o era suficiente para uma alimenta\u00e7\u00e3o adequada<\/em>&#8220;, relata Carmen. Diana, ex-professora universit\u00e1ria, compartilha que a crise or\u00e7ament\u00e1ria em seu pa\u00eds a for\u00e7ou a migrar para garantir a subsist\u00eancia de sua fam\u00edlia. &#8220;<em>Ver meus pais perderem 10 quilos<\/em><em> por falta de comida fez com que eu perdesse a esperan\u00e7a e decidisse sair do meu pa\u00eds<\/em>&#8220;.<\/p>\n\n\n\n<p>Esses exemplos atestam como, em muitos casos, a mobilidade geogr\u00e1fica \u00e9 uma estrat\u00e9gia de sobreviv\u00eancia biol\u00f3gica e social, a fim de garantir uma vida digna, n\u00e3o apenas para as pessoas que se deslocam, mas tamb\u00e9m para seus familiares. A migra\u00e7\u00e3o, em outros termos, revela o enfrentamento protag\u00f4nico e proativo de uma situa\u00e7\u00e3o adversa.<\/p>\n\n\n\n<p>Mas os deslocamentos internacionais costumam ser muito desafiadores, inclusive no caso das duas mulheres venezuelanas: <em>&#8220;Como mulheres, estamos sujeitas a muitas a\u00e7\u00f5es negativas, tanto por parte das autoridades quanto dos homens que est\u00e3o conosco no processo&#8221;<\/em>, relata Carmen, que passou por mais de uma migra\u00e7\u00e3o, enfrentando obst\u00e1culos como cobran\u00e7as indevidas pela pol\u00edcia militar venezuelana. Diana compartilha a hist\u00f3ria de seu marido, que foi \u201c<em>para o Brasil sem dinheiro, com medo do futuro, mas com muito mais medo de ficar. Em 2021, conseguimos nos reunir em Boa Vista, ap\u00f3s tr\u00eas anos separados&#8221;<\/em>.<\/p>\n\n\n\n<p>Os riscos de viol\u00eancia, a inseguran\u00e7a em rela\u00e7\u00e3o ao futuro e, inclusive, o afastamento de familiares s\u00e3o marcas que permeiam as rotas de pessoas migrantes, que, apesar disso, com resili\u00eancia, encaram \u00e1rduos desafios em busca de direitos que lhes s\u00e3o negados na terra de origem e de uma inser\u00e7\u00e3o digna no novo lugar que elegeram para reconstruir suas vidas.<\/p>","protected":false},"featured_media":23291,"parent":0,"template":"","categories":[48],"class_list":["post-23290","csem_em_foco","type-csem_em_foco","status-publish","has-post-thumbnail","hentry","category-48"],"acf":[],"_links":{"self":[{"href":"https:\/\/www.csem.org.br\/it\/wp-json\/wp\/v2\/csem_em_foco\/23290","targetHints":{"allow":["GET"]}}],"collection":[{"href":"https:\/\/www.csem.org.br\/it\/wp-json\/wp\/v2\/csem_em_foco"}],"about":[{"href":"https:\/\/www.csem.org.br\/it\/wp-json\/wp\/v2\/types\/csem_em_foco"}],"wp:featuredmedia":[{"embeddable":true,"href":"https:\/\/www.csem.org.br\/it\/wp-json\/wp\/v2\/media\/23291"}],"wp:attachment":[{"href":"https:\/\/www.csem.org.br\/it\/wp-json\/wp\/v2\/media?parent=23290"}],"wp:term":[{"taxonomy":"category","embeddable":true,"href":"https:\/\/www.csem.org.br\/it\/wp-json\/wp\/v2\/categories?post=23290"}],"curies":[{"name":"wp","href":"https:\/\/api.w.org\/{rel}","templated":true}]}}