{"id":18958,"date":"2022-02-08T16:20:01","date_gmt":"2022-02-08T19:20:01","guid":{"rendered":"https:\/\/www.csem.org.br\/?post_type=csem_em_foco&#038;p=18958"},"modified":"2023-07-21T16:17:21","modified_gmt":"2023-07-21T19:17:21","slug":"biblia-e-migracao","status":"publish","type":"csem_em_foco","link":"https:\/\/www.csem.org.br\/it\/csem_em_foco\/biblia-e-migracao\/","title":{"rendered":"B\u00cdBLIA E MIGRA\u00c7\u00c3O"},"content":{"rendered":"<p><img fetchpriority=\"high\" decoding=\"async\" class=\"size-medium wp-image-18936 alignright\" src=\"https:\/\/www.csem.org.br\/wp-content\/uploads\/2022\/01\/Capa-ECUMENE-02-241x360.png\" alt=\"\" width=\"241\" height=\"360\" title=\"\"><\/p>\n<p>A mobilidade humana como experi\u00eancia humana e salv\u00edfica, a partir da leitura, do estudo e da an\u00e1lise da migra\u00e7\u00e3o e do ref\u00fagio na B\u00edblia \u00e9 o conte\u00fado do novo lan\u00e7amento da Editora CSEM.<\/p>\n<p>\u201cNo contexto da mobilidade humana, a B\u00edblia se revela como uma fonte extremamente rica de inspira\u00e7\u00e3o sobre os v\u00e1rios motivos relacionados com a migra\u00e7\u00e3o volunt\u00e1ria ou for\u00e7ada. [&#8230;] Do come\u00e7o ao fim, o leitor da B\u00edblia se depara com o universo dos migrantes e das migra\u00e7\u00f5es em suas mais diversificadas express\u00f5es e perspectivas, por meio da presen\u00e7a e da a\u00e7\u00e3o de Deus que se faz ouvir atrav\u00e9s das vozes de narradores, legisladores, s\u00e1bios, ora\u00e7\u00f5es, profetas, reis, ap\u00f3stolos, evangelistas, dentre outros. E, em particular, pelo pr\u00f3prio Filho Encarnado que se tornou migrante com os migrantes e peregrino por excel\u00eancia na face da terra.\u201d (p. 11).<\/p>\n<p>Estudiosas e estudiosos das sagradas escrituras se debru\u00e7aram sobre fatos e personagens que narram a experi\u00eancia da migra\u00e7\u00e3o e do ref\u00fagio \u00e0 luz da f\u00e9 e da sabedoria b\u00edblica, com elementos de hist\u00f3ria, de exegese e de reflex\u00f5es inspiradoras para quem vive e para quem atua em contextos de mobilidade humana.<\/p>\n<p>Os 11 artigos do segundo volume da S\u00e9rie Ecumene, publicado pelo Centro Scalabriniano de Estudos Migrat\u00f3rios \u2013 CSEM, com o apoio da Federaci\u00f3n Latinoamericana de Religiosos \u2013 CLAR, lan\u00e7ados em portugu\u00eas e em espanhol, atravessam toda a B\u00edblia, desde o livro do G\u00eanesis at\u00e9 as primeiras comunidades crist\u00e3s, com textos de qualidade e de f\u00e1cil leitura, produzidos como uma contribui\u00e7\u00e3o \u00e0s pessoas e comunidades que querem assumir seu papel na miss\u00e3o junto \u00e0s pessoas e povos em situa\u00e7\u00e3o de mobilidade.<\/p>\n<p>O E-book em portugu\u00eas e em espanhol est\u00e3o dispon\u00edveis no site do CSEM e da CLAR. A vers\u00e3o em portugu\u00eas, impressa, pode ser solicitada ao CSEM no e-mail <a href=\"mailto:csem@csem.org.br\">csem@csem.org.br<\/a>.<\/p>\n<p>Baixe seu pdf : <a href=\"https:\/\/www.csem.org.br\/wp-content\/uploads\/2022\/02\/BIBLIA-E-MIGRACAO_Ebook_2022_Portugues_FINAL-1.pdf\"><u>Portugu\u00eas<\/u><\/a>\u00a0 \u00a0 \u00a0<a href=\"https:\/\/www.csem.org.br\/wp-content\/uploads\/2022\/02\/BIBLIA-Y-MIGRACION_Ebook_2022_espanhol_FINAL.pdf\">Espanhol<\/a><\/p>\n<p>&nbsp;<\/p>\n<p>&nbsp;<\/p>\n","protected":false},"featured_media":0,"parent":0,"template":"","categories":[47],"class_list":["post-18958","csem_em_foco","type-csem_em_foco","status-publish","hentry","category-2022-csem-em-foco"],"acf":[],"_links":{"self":[{"href":"https:\/\/www.csem.org.br\/it\/wp-json\/wp\/v2\/csem_em_foco\/18958","targetHints":{"allow":["GET"]}}],"collection":[{"href":"https:\/\/www.csem.org.br\/it\/wp-json\/wp\/v2\/csem_em_foco"}],"about":[{"href":"https:\/\/www.csem.org.br\/it\/wp-json\/wp\/v2\/types\/csem_em_foco"}],"wp:attachment":[{"href":"https:\/\/www.csem.org.br\/it\/wp-json\/wp\/v2\/media?parent=18958"}],"wp:term":[{"taxonomy":"category","embeddable":true,"href":"https:\/\/www.csem.org.br\/it\/wp-json\/wp\/v2\/categories?post=18958"}],"curies":[{"name":"wp","href":"https:\/\/api.w.org\/{rel}","templated":true}]}}