{"id":18197,"date":"2020-10-23T18:55:24","date_gmt":"2020-10-23T21:55:24","guid":{"rendered":"https:\/\/www.csem.org.br\/?post_type=csem_em_foco&#038;p=18197"},"modified":"2023-07-21T16:18:48","modified_gmt":"2023-07-21T19:18:48","slug":"editora-csem-y-organizadoras-del-segundo-volumen-de-la-serie-de-libros-ecumene-de-la-convocatoria-de-articulos","status":"publish","type":"csem_em_foco","link":"https:\/\/www.csem.org.br\/it\/csem_em_foco\/editora-csem-y-organizadoras-del-segundo-volumen-de-la-serie-de-libros-ecumene-de-la-convocatoria-de-articulos\/","title":{"rendered":"Editora CSEM y organizadoras del segundo volumen de la serie de libros Ecumene de la Convocatoria de Art\u00edculos"},"content":{"rendered":"<p>La editora CSEM abre una convocatoria de art\u00edculos para el segundo volumen de la serie de libros Ecumene. Por iniciativa editorial en alianza con la Confederaci\u00f3n Latinoamericana de Religiosos (CLAR), con el objetivo de promover estudios, investigaciones, eventos y publicaciones sobre teolog\u00eda y movilidad humana, con mirada a fortalecer la labor socio-pastoral y brindar materiales con rigor cient\u00edfico y al mismo tiempo did\u00e1ctico para agentes y estudiosos de la materia. Con estas publicaciones, el CSEM tambi\u00e9n busca dar visibilidad, agilizar esfuerzos y favorecer la articulaci\u00f3n entre investigadores y acad\u00e9micos sobre los temas de migraci\u00f3n y refugiados, principalmente en el campo teol\u00f3gico.<\/p>\n<p>La serie se desarrolla (y est\u00e1 especialmente pensada) en el contexto latinoamericano. Los textos de producci\u00f3n teol\u00f3gica latina en Estados Unidos y en Canad\u00e1 tambi\u00e9n ser\u00e1n aceptados. El tema del primer volumen fue \u201cMovilidad humana, hospitalidad y comunidad cristiana\u201d, y los libros se publicar\u00e1n en portugu\u00e9s y espa\u00f1ol. El volumen, que comenz\u00f3 en el primer semestre de 2020, ser\u00e1 lanzado en el segundo semestre del a\u00f1o.<\/p>\n<p>De esta manera, los organizadores del segundo volumen del ciclo &#8220;Biblia y migraci\u00f3n: experiencia humana y salvadora&#8221; &#8211; Eliz\u00e2ngela Chaves Dias, Hermana Scalabriniana, Doctora en Teolog\u00eda B\u00edblica y profesora de la Pontificia Universidad Urbana de Roma y el Padre Leonardo Agostini Fernandes, Doctor en Teolog\u00eda y profesor de la PUC &#8211; R\u00edo, invitan a investigadores, profesores, estudiantes de posgrado y profesionales en contextos eclesi\u00e1sticos con la presencia de una poblaci\u00f3n en situaci\u00f3n de movilidad para colaborar en la producci\u00f3n. El plazo para una preinscripci\u00f3n, necesaria para el posterior env\u00edo de art\u00edculos es el 28 de febrero de 2021, enviando un correo electr\u00f3nico a assessoria@csem.org.br con copia a biblicoteologico33@gmail.com, con informaciones solicitadas en la convocatoria.<\/p>\n<p>Desplazamientos humanos motivados por la b\u00fasqueda de la supervivencia o mejores condiciones de vida y de futuro, que tradicionalmente estimulan la reflexi\u00f3n y motivan la caridad eclesial y la justicia social, adem\u00e1s de zonas de comodidad y fronteras f\u00edsicas y simb\u00f3licas, tomando contornos m\u00e1s amplios, desafiantes y expresivos. Hubo un aumento de dos flujos, una diversificaci\u00f3n de dos perfiles de migrantes y refugiados en movimiento y, sobre todo, un aumento de las precarias condiciones de vida y servicios para las personas que necesitan dejar sus tierras y sus contextos de vida y relaciones. Adem\u00e1s de la complexidad y de los dramas del hecho migratorio, se llama la atenci\u00f3n sobre la contemporaneidad de los cr\u00edmenes y las barreras erigidas por actores que promueven narrativas distorsionadas del fen\u00f3meno de la movilidad humana.<\/p>\n<p>El segundo volumen de la serie se centra en los diferentes tipos de movilidad humana, como categor\u00eda b\u00edblico-teol\u00f3gica, para profundizar en la reflexi\u00f3n sobre el sentido de la migraci\u00f3n a la luz de la fe, motivando o apelando a la hospitalidad, apoyo, promoci\u00f3n, integraci\u00f3n y protagonismo de los migrantes. Ambos vol\u00famenes se publicar\u00e1n en formato impreso y digital, y el libro electr\u00f3nico estar\u00e1 disponible de forma gratuita.<\/p>\n<p>Haz click para acceder a la convocatoria:<\/p>\n<p><a href=\"https:\/\/www.csem.org.br\/wp-content\/uploads\/2020\/10\/Edital-Ecumene-Volume-2_Espanhol_final-1.pdf\">En espa\u00f1ol<\/a><\/p>\n<p><a href=\"https:\/\/www.csem.org.br\/wp-content\/uploads\/2020\/10\/Edital-Ecumene-Volume-2_PT_final-1.pdf\">En portugu\u00e9s<\/a><\/p>","protected":false},"featured_media":18198,"parent":0,"template":"","categories":[45],"class_list":["post-18197","csem_em_foco","type-csem_em_foco","status-publish","has-post-thumbnail","hentry","category-45"],"acf":[],"_links":{"self":[{"href":"https:\/\/www.csem.org.br\/it\/wp-json\/wp\/v2\/csem_em_foco\/18197","targetHints":{"allow":["GET"]}}],"collection":[{"href":"https:\/\/www.csem.org.br\/it\/wp-json\/wp\/v2\/csem_em_foco"}],"about":[{"href":"https:\/\/www.csem.org.br\/it\/wp-json\/wp\/v2\/types\/csem_em_foco"}],"wp:featuredmedia":[{"embeddable":true,"href":"https:\/\/www.csem.org.br\/it\/wp-json\/wp\/v2\/media\/18198"}],"wp:attachment":[{"href":"https:\/\/www.csem.org.br\/it\/wp-json\/wp\/v2\/media?parent=18197"}],"wp:term":[{"taxonomy":"category","embeddable":true,"href":"https:\/\/www.csem.org.br\/it\/wp-json\/wp\/v2\/categories?post=18197"}],"curies":[{"name":"wp","href":"https:\/\/api.w.org\/{rel}","templated":true}]}}