{"id":14380,"date":"2018-06-06T11:57:26","date_gmt":"2018-06-06T14:57:26","guid":{"rendered":"https:\/\/www.csem.org.br\/?post_type=csem_em_foco&#038;p=14380"},"modified":"2023-07-21T16:23:59","modified_gmt":"2023-07-21T19:23:59","slug":"33a-semana-do-migrante-a-vida-e-feita-de-encontros","status":"publish","type":"csem_em_foco","link":"https:\/\/www.csem.org.br\/it\/csem_em_foco\/33a-semana-do-migrante-a-vida-e-feita-de-encontros\/","title":{"rendered":"33\u00aa Semana do Migrante: \u201cA vida \u00e9 feita de encontros&#8221;"},"content":{"rendered":"<p style=\"text-align: justify;\"><em>De 17 a 24 de junho de 2018, a Igreja no Brasil celebra a 33\u00aa Semana do Migrante, com o tema: \u201cA vida \u00e9 feita de encontros: Bra\u00e7os abertos sem medo para acolher\u201d.\u00a0Neste ano, o CSEM participa em parceria com a C\u00e1ritas Brasileira e outras institui\u00e7\u00f5es afins, em sintonia com a campanha mundial \u201cCompartilhe a Viagem\u201d. A semana \u00e9 dedicada \u00e0 sensibiliza\u00e7\u00e3o e \u00e0 informa\u00e7\u00e3o sobre imigra\u00e7\u00e3o e ref\u00fagio.\u00a0<\/em><\/p>\n<p style=\"text-align: justify;\">Veja a apresenta\u00e7\u00e3o por Dom Jos\u00e9 Lu\u00edz F. Salles, Presidente do SPM e Bispo da Diocese de Pesqueira-PE e Dom Jo\u00e3o Jos\u00e9 Costa, Presidente da Caritas Brasileira e Arcebispo da Arquidiocese de Aracaj\u00fa- SE:<\/p>\n<p style=\"text-align: justify;\">O Papa Francisco, ao lan\u00e7ar a campanha \u201cCompartilhe a Viagem\u201d, nos convoca para caminhar com os migrantes, propondo como a Igreja deve responder aos desafios atuais e urgentes quanto \u00e0 acolhida de refugiados (as) e migrantes nos dias de hoje. Partindo dessa compreens\u00e3o, abra\u00e7amos a reflex\u00e3o que migra\u00e7\u00e3o n\u00e3o \u00e9 um fen\u00f4meno recente e, sim, parte da hist\u00f3ria da humanidade. Por\u00e9m, as causas mais constantes desses movimentos, na atualidade, perpassam quest\u00f5es econ\u00f4micas e\/ou pol\u00edticas, desastres naturais ou provocados, situa\u00e7\u00f5es de guerra ou ainda motivados pela constante e generalizada viola\u00e7\u00e3o de direitos humanos.<\/p>\n<p style=\"text-align: justify;\">\u00c9 fato que os per\u00edodos hist\u00f3ricos as pessoas mudam, mas o movimento de um lugar para outro caracteriza que a migra\u00e7\u00e3o continua sendo um fen\u00f4meno complexo e com motiva\u00e7\u00f5es diversas, onde os sujeitos s\u00e3o for\u00e7ados ou atra\u00eddos, inclusive em grandes contingentes a buscarem melhorias nas condi\u00e7\u00f5es de vida, alcan\u00e7ando ciclos migrat\u00f3rios nacionais e\/ou internacionais, nem sempre conseguindo \u00eaxito<br \/>\nnesse intuito.<\/p>\n<p style=\"text-align: justify;\">A Campanha \u201cCompartilhe a Viagem\u201d prop\u00f5e incentivar as pessoas, homens, mulheres, crian\u00e7as e jovens, de todos os credos e religi\u00f5es, para irem ao encontro dos migrantes, colaborando na constru\u00e7\u00e3o de uma cultura de Paz, a partir das hist\u00f3rias de vida e da diversidade cultural dos migrantes. Por isso, \u00e9 importante enxergar os migrantes como oportunidade nesse projeto de reconstru\u00e7\u00e3o das sociedades. Vale observar que a referida Campanha veio em um momento hist\u00f3rico para a Igreja e a sociedade, onde o refugiado e os migrantes em geral, t\u00eam sofrido, tanto nas regi\u00f5es de origem, como nas de destino, as diversas formas de explora\u00e7\u00e3o e discrimina\u00e7\u00e3o existentes nos espa\u00e7os em que o capital domina e exclui cada vez mais as pessoas e suas potencialidades. Lembremos que, nesse sentido, o Papa Francisco enfatizou que as na\u00e7\u00f5es do mundo t\u00eam o dever de acolher os migrantes de bra\u00e7os abertos, a todos e todas. \u201cIrm\u00e3os, n\u00e3o tenham medo de partilhar a jornada. N\u00e3o tenham medo de partilhar a esperan\u00e7a\u201d.<\/p>\n<p style=\"text-align: justify;\">Para a Igreja, \u00e9 muito importante refor\u00e7ar os direitos dos migrantes, refugiados e das diversas categorias migrat\u00f3rias e esse dever-desafio encontra sentido quando denunciamos, por exemplo, o trabalho escravo e o tr\u00e1fico de pessoas, uma vez que, n\u00e3o podemos, em hip\u00f3tese alguma, permitir tais viola\u00e7\u00f5es. Sabemos que os pa\u00edses que ratificam as Conven\u00e7\u00f5es internacionais e constroem uma legisla\u00e7\u00e3o nacional para Migrantes e Refugiados assumem a responsabilidade de oferecer prote\u00e7\u00e3o e assist\u00eancia apropriadas. No entanto, quando se instalam em outros pa\u00edses, nem sempre os migrantes s\u00e3o bem recebidos. Atualmente, inclusive, h\u00e1 um comportamento que estimula a sociedade a rejeitar as pessoas nestas condi\u00e7\u00f5es, sem sequer perceberem que, na maioria das vezes, quase todos e todas fomos ou somos migrantes.<\/p>\n<p style=\"text-align: justify;\">Em sintonia com o esp\u00edrito da 33\u00aa Semana do Migrante, como nos lembra Pe. Alfredo Gon\u00e7alves, em seu texto \u201cA sede e a \u00c1gua Viva\u201d, reflitamos: \u201cO segredo da vida cotidiana \u00e9 que a \u00e1gua viva n\u00e3o jorra de grandes feitos, de atos heroicos, de decis\u00f5es bomb\u00e1sticas. A \u00e1gua da chuva, dos rios e dos oceanos \u00e9 feita de pequenas gotas. O mesmo ocorre com a \u00e1gua viva que brota do Evangelho. Um olhar, um sorriso, uma palavra, um toque, uma visita, um \u201cbom dia\u201d, um ouvido atento, um cora\u00e7\u00e3o aberto, a m\u00e3o estendida num gesto de solidariedade \u2013 eis as gotas que formam o oceano\u201d.<\/p>\n<p style=\"text-align: justify;\">Neste sentido \u00e9 que apresentamos a 33\u00aa Semana do Migrante, neste ano celebrada de 17 a 24 de junho de 2018, coordenada, pela primeira vez, dentro do conjunto de pastorais e organismos da CNBB e outras institui\u00e7\u00f5es que trabalham a causa migrat\u00f3ria e que, unidas, colocam e proclamam seu tema: A VIDA \u00c9 FEITA DE ENCONTROS e seu lema: BRA\u00c7OS ABERTOS SEM MEDO PARA ACOLHER!<\/p>\n<p class=\"result-title\" style=\"text-align: justify;\">MATERIAIS<\/p>\n<p><a href=\"https:\/\/www.csem.org.br\/it\/images\/TEXTO_BASE_Semana_do_Migrante_2018.pdf\/\" target=\"_blank\" rel=\"noopener\">Testo base<\/a><\/p>\n<p><a href=\"https:\/\/www.csem.org.br\/it\/images\/CIRCULO_B\u00cdBLICO_Semana_do_Migrante_2018.pdf\/\" target=\"_blank\" rel=\"noopener\">C\u00edrculo B\u00edblico<\/a><\/p>\n<p>Os demais materiais podem ser acessados em:\u00a0<a href=\"https:\/\/spmigrantes.wordpress.com\/2018\/04\/27\/material-da-33a-semana-do-migrante-17-a-24-de-junho-de-2018\/\" target=\"_blank\" rel=\"noopener\">SPM Migrantes<\/a><a href=\"https:\/\/www.csem.org.br\/it\/images\/TEXTO_BASE_Semana_do_Migrante_2018.pdf\/\" target=\"_blank\" rel=\"noopener\">\u00a0<\/a><\/p>\n<p><img fetchpriority=\"high\" decoding=\"async\" class=\"alignleft size-400 wp-image-14381\" src=\"https:\/\/www.csem.org.br\/wp-content\/uploads\/2018\/08\/semana_do_migrante_2018_SPM-400x606.png\" alt=\"\" width=\"400\" height=\"606\" title=\"\"><\/p>","protected":false},"featured_media":0,"parent":0,"template":"","categories":[43],"class_list":["post-14380","csem_em_foco","type-csem_em_foco","status-publish","hentry","category-2018-csem-em-foco"],"acf":[],"_links":{"self":[{"href":"https:\/\/www.csem.org.br\/it\/wp-json\/wp\/v2\/csem_em_foco\/14380","targetHints":{"allow":["GET"]}}],"collection":[{"href":"https:\/\/www.csem.org.br\/it\/wp-json\/wp\/v2\/csem_em_foco"}],"about":[{"href":"https:\/\/www.csem.org.br\/it\/wp-json\/wp\/v2\/types\/csem_em_foco"}],"wp:attachment":[{"href":"https:\/\/www.csem.org.br\/it\/wp-json\/wp\/v2\/media?parent=14380"}],"wp:term":[{"taxonomy":"category","embeddable":true,"href":"https:\/\/www.csem.org.br\/it\/wp-json\/wp\/v2\/categories?post=14380"}],"curies":[{"name":"wp","href":"https:\/\/api.w.org\/{rel}","templated":true}]}}