{"id":26134,"date":"2025-10-06T12:04:00","date_gmt":"2025-10-06T15:04:00","guid":{"rendered":"https:\/\/www.csem.org.br\/?post_type=csem_em_foco&#038;p=26134"},"modified":"2025-10-07T13:45:54","modified_gmt":"2025-10-07T16:45:54","slug":"csem-inaugurates-headquarters-in-italy-and-expands-presence-in-europe","status":"publish","type":"csem_em_foco","link":"https:\/\/www.csem.org.br\/es\/csem_em_foco\/csem-inaugurates-headquarters-in-italy-and-expands-presence-in-europe\/","title":{"rendered":"CSEM inaugura su sede en Italia y ampl\u00eda su presencia en Europa"},"content":{"rendered":"<p>En <strong>3 de octubre de 2025,<\/strong> el Centro Scalabriniano de Estudios sobre Migraciones (CSEM) estableci\u00f3 oficialmente su sede en Italia, un hito hist\u00f3rico que ampl\u00eda su misi\u00f3n a Europa. El acto fundacional tuvo lugar en Roma, con la presencia de la Superiora General de las Hermanas Scalabrinianas, Sor Neusa de F\u00e1tima Mariano, los miembros del Consejo General, y Sor Milva Caro, nombrada... <strong>director adjunto del CSEM Italia.<\/strong><\/p>\n\n\n\n<p><strong>Un momento de emoci\u00f3n y gratitud<\/strong><strong><br><\/strong> En un mensaje enviado poco despu\u00e9s de la firma, Sor Neusa de F\u00e1tima Mariano, Superiora General de la Congregaci\u00f3n, subray\u00f3 el significado simb\u00f3lico de la fecha:<\/p>\n\n\n\n<p><em>\"Exactamente hoy, 3 de octubre de 2025, en v\u00edsperas del Cap\u00edtulo General de las Hermanas MSC, nace en Italia la Asociaci\u00f3n CSEM. (...) Personalmente, he vivido este momento con gran gratitud. Todo est\u00e1 en las manos de Dios para que crezca, fructifique y eche ra\u00edces al servicio de los migrantes y refugiados.\"<\/em><\/p>\n\n\n\n<figure class=\"wp-block-image aligncenter size-large is-resized\"><img fetchpriority=\"high\" decoding=\"async\" width=\"1024\" height=\"768\" src=\"https:\/\/www.csem.org.br\/wp-content\/uploads\/2025\/10\/WhatsApp-Image-2025-10-03-at-08.16.52-2-1024x768.jpeg\" alt=\"\" class=\"wp-image-26148\" style=\"width:512px;height:auto\" title=\"\" srcset=\"https:\/\/www.csem.org.br\/wp-content\/uploads\/2025\/10\/WhatsApp-Image-2025-10-03-at-08.16.52-2-1024x768.jpeg 1024w, https:\/\/www.csem.org.br\/wp-content\/uploads\/2025\/10\/WhatsApp-Image-2025-10-03-at-08.16.52-2-300x225.jpeg 300w, https:\/\/www.csem.org.br\/wp-content\/uploads\/2025\/10\/WhatsApp-Image-2025-10-03-at-08.16.52-2-768x576.jpeg 768w, https:\/\/www.csem.org.br\/wp-content\/uploads\/2025\/10\/WhatsApp-Image-2025-10-03-at-08.16.52-2-1536x1152.jpeg 1536w, https:\/\/www.csem.org.br\/wp-content\/uploads\/2025\/10\/WhatsApp-Image-2025-10-03-at-08.16.52-2-16x12.jpeg 16w, https:\/\/www.csem.org.br\/wp-content\/uploads\/2025\/10\/WhatsApp-Image-2025-10-03-at-08.16.52-2.jpeg 1600w\" sizes=\"(max-width: 1024px) 100vw, 1024px\" \/><\/figure>\n\n\n\n<p><strong>La visi\u00f3n del director adjunto<\/strong><strong><br><\/strong> En un v\u00eddeo grabado durante la ceremonia, Milva Caro, subdirectora del CSEM Italia, destac\u00f3 la importancia de este paso:<\/p>\n\n\n\n<p><em>\"Hoy, para las Hermanas Scalabrinianas, es un d\u00eda verdaderamente hermoso. Se ha firmado la creaci\u00f3n de la Asociaci\u00f3n CSEM en Italia y, por lo tanto, en Europa. Es un sue\u00f1o que siempre hemos acariciado, ya que ampl\u00eda el centro ya activo en Brasil. (...) Estamos muy contentas y creemos que el Centro de Estudios puede servir a los migrantes y a todos los que trabajan en el campo de la migraci\u00f3n.\"<\/em><\/p>\n\n\n\n<figure class=\"wp-block-image aligncenter size-large is-resized\"><img decoding=\"async\" width=\"1024\" height=\"577\" src=\"https:\/\/www.csem.org.br\/wp-content\/uploads\/2025\/10\/WhatsApp-Image-2025-10-03-at-08.02.27-2-1024x577.jpeg\" alt=\"\" class=\"wp-image-26149\" style=\"width:513px;height:auto\" title=\"\" srcset=\"https:\/\/www.csem.org.br\/wp-content\/uploads\/2025\/10\/WhatsApp-Image-2025-10-03-at-08.02.27-2-1024x577.jpeg 1024w, https:\/\/www.csem.org.br\/wp-content\/uploads\/2025\/10\/WhatsApp-Image-2025-10-03-at-08.02.27-2-300x169.jpeg 300w, https:\/\/www.csem.org.br\/wp-content\/uploads\/2025\/10\/WhatsApp-Image-2025-10-03-at-08.02.27-2-768x432.jpeg 768w, https:\/\/www.csem.org.br\/wp-content\/uploads\/2025\/10\/WhatsApp-Image-2025-10-03-at-08.02.27-2-1536x865.jpeg 1536w, https:\/\/www.csem.org.br\/wp-content\/uploads\/2025\/10\/WhatsApp-Image-2025-10-03-at-08.02.27-2-18x10.jpeg 18w, https:\/\/www.csem.org.br\/wp-content\/uploads\/2025\/10\/WhatsApp-Image-2025-10-03-at-08.02.27-2.jpeg 2000w\" sizes=\"(max-width: 1024px) 100vw, 1024px\" \/><\/figure>\n\n\n\n<p><strong>Expansi\u00f3n y compromiso<\/strong><strong><br><\/strong> La inauguraci\u00f3n de la nueva sede tuvo lugar <strong>en v\u00edsperas del Jubileo de las Migraciones<\/strong>CSEM, interpretado como un signo de renovaci\u00f3n y compromiso de la Congregaci\u00f3n con la misi\u00f3n scalabriniana. El CSEM refuerza as\u00ed su papel en <strong>producir conocimiento cr\u00edtico, apoyar el desarrollo de pol\u00edticas p\u00fablicas y fomentar el liderazgo de inmigrantes y refugiados<\/strong>ahora tambi\u00e9n de Europa.<\/p>\n\n\n\n<p><em>\"Fue muy bonito, una gran emoci\u00f3n. Ojal\u00e1 este proyecto crezca y se expanda cada vez m\u00e1s en su misi\u00f3n de servicio a los migrantes y refugiados.\"<\/em> (Sr. Neusa)<\/p>\n\n\n\n<p>El proceso de establecimiento del <strong>CSEM Italia<\/strong> La oficina estuvo acompa\u00f1ada en los \u00faltimos a\u00f1os por el CSEM, especialmente a trav\u00e9s de su coordinaci\u00f3n administrativa dirigida por Carmem Lussi, garantizando la solidez jur\u00eddica e institucional necesaria.<\/p>\n\n\n\n<p>Seg\u00fan la Hna. Marlene Wildner, directora del CSEM, esta etapa refleja la misi\u00f3n del Centro de <strong>tender puentes entre la investigaci\u00f3n, la formaci\u00f3n y la promoci\u00f3n p\u00fablica<\/strong>ampliando su presencia internacional y reforzando su compromiso con los migrantes y refugiados tambi\u00e9n en el contexto europeo.<\/p>","protected":false},"featured_media":26135,"parent":0,"template":"","categories":[16,59],"class_list":["post-26134","csem_em_foco","type-csem_em_foco","status-publish","has-post-thumbnail","hentry","category-csem-em-foco","category-destaque-csem-em-foco"],"acf":[],"_links":{"self":[{"href":"https:\/\/www.csem.org.br\/es\/wp-json\/wp\/v2\/csem_em_foco\/26134","targetHints":{"allow":["GET"]}}],"collection":[{"href":"https:\/\/www.csem.org.br\/es\/wp-json\/wp\/v2\/csem_em_foco"}],"about":[{"href":"https:\/\/www.csem.org.br\/es\/wp-json\/wp\/v2\/types\/csem_em_foco"}],"wp:featuredmedia":[{"embeddable":true,"href":"https:\/\/www.csem.org.br\/es\/wp-json\/wp\/v2\/media\/26135"}],"wp:attachment":[{"href":"https:\/\/www.csem.org.br\/es\/wp-json\/wp\/v2\/media?parent=26134"}],"wp:term":[{"taxonomy":"category","embeddable":true,"href":"https:\/\/www.csem.org.br\/es\/wp-json\/wp\/v2\/categories?post=26134"}],"curies":[{"name":"wp","href":"https:\/\/api.w.org\/{rel}","templated":true}]}}