{"id":25078,"date":"2025-03-20T17:21:36","date_gmt":"2025-03-20T20:21:36","guid":{"rendered":"https:\/\/www.csem.org.br\/?post_type=csem_em_foco&#038;p=25078"},"modified":"2025-03-20T17:21:36","modified_gmt":"2025-03-20T20:21:36","slug":"deportacoes-e-violacao-da-dignidade-de-migrantes-violada-vozes-do-panama","status":"publish","type":"csem_em_foco","link":"https:\/\/www.csem.org.br\/es\/csem_em_foco\/deportacoes-e-violacao-da-dignidade-de-migrantes-violada-vozes-do-panama\/","title":{"rendered":"Deportaciones y violaci\u00f3n de la dignidad de los migrantes: voces de Panam\u00e1"},"content":{"rendered":"<p>Mais uma vez a hist\u00f3ria obriga-nos a refletir sobre a ess\u00eancia do que \u00e9 ser um <strong>Ser Humano<\/strong>. Hoje, chamamos a aten\u00e7\u00e3o para mais um fato cruel para as pessoas migrantes, em consequ\u00eancia de mais um ato da pol\u00edtica de criminaliza\u00e7\u00e3o das migra\u00e7\u00f5es da Casa Branca, em pouco mais de 50 dias do in\u00edcio do novo mandato. Desde que D. Trump tomou posse, sua pol\u00edtica migrat\u00f3ria xen\u00f3foba e discriminat\u00f3ria, levou a pris\u00f5es e a deporta\u00e7\u00f5es em massa de imigrantes latinos, mas tamb\u00e9m de outros pa\u00edses do Sul global. As deten\u00e7\u00f5es de imigrantes aumentaram, contra aqueles sem documentos, tanto os que cometeram crimes como os que n\u00e3o t\u00eam registro criminal. Estas a\u00e7\u00f5es est\u00e3o perigosamente inspiradas por ideias supremacistas que, tornando-se um movimento nacional, promove a persegui\u00e7\u00e3o de estrangeiros.<\/p>\n\n\n\n<p>O governo do Panam\u00e1 est\u00e1 colaborando com a pol\u00edtica trumpista, colocando-se como um pa\u00eds \u201cponte\u201d de modo a externalizar as fronteiras norte-americanas, que transferem para esse pa\u00eds a \u00faltima etapa dos processos de deporta\u00e7\u00e3o. Este acordo, aparentemente, acontece no contexto das amea\u00e7as de Donald Trump de assumir o controle do Canal do Panam\u00e1.<\/p>\n\n\n\n<p>Nas primeiras horas da manh\u00e3 do domingo 9 de mar\u00e7o chegaram ao Panam\u00e1, na fronteira com o Dari\u00e9n, 299 pessoas, nenhuma de nacionalidade paname\u00f1a, deportados dos Estados Unidos. A maior parte aceitou a repatria\u00e7\u00e3o compuls\u00f3ria aos pa\u00edses de origem (declarada como se fosse \u201cvolunt\u00e1ria\u201d pelos governos envolvidos), deixando sem amparo 111 deportados, que n\u00e3o aceitaram a repatria\u00e7\u00e3o. Ag\u00eancias humanit\u00e1rias, com a colabora\u00e7\u00e3o de organiza\u00e7\u00f5es religiosas, entre as quais as Irm\u00e3s Ligia Ruiz e Alma Rosa Huertes das Mission\u00e1rias Scalabrinianas, se mobilizam, desde ent\u00e3o, para atender pessoas de mais de 15 nacionalidades, provenientes da \u00cdndia, China, Uzbequist\u00e3o, Ir\u00e3, Vietn\u00e3, Turquia, Nepal, Paquist\u00e3o, Afeganist\u00e3o e Sri Lanka, entre outros pa\u00edses.<\/p>\n\n\n\n<p>Com o objetivo de coordenar o acolhimento no centro jesu\u00edta Fe y Alegr\u00eda, houve articula\u00e7\u00e3o entre muitas organiza\u00e7\u00f5es.A Miss\u00e3o San Juan Bautista Scalabrini, presente no Panam\u00e1 h\u00e1 9 meses, faz parte da REDE CLAMOR e chama a aten\u00e7\u00e3o do mundo para mais essa viola\u00e7\u00e3o de direitos humanos das pessoas em mobilidade e colabora com a\u00e7\u00f5es de articula\u00e7\u00e3o e de atendimento direto. A Irm\u00e3 Ligia, mscs informou que, das pessoas que ficaram no Panam\u00e1,algumas \u201cque consideramos las m\u00e1s vulnerables las ubicamos en el en Hogar Luisadonde la Misi\u00f3n Scalabriniana (Hermanas y Padres) somos parte del Equipo como Pastoral de Movilidad Humana (PMH) &#8211; Arquidi\u00f3cesis de Panam\u00e1\u201d. O Hogar Luisa, onde tamb\u00e9m a Ir. Alma Rosa atua diretamente no atendimento, \u00e9 um centro integral de aten\u00e7\u00e3o ao migrante onde atualmente est\u00e3o fam\u00edlias venezuelanas, com espa\u00e7o limitado para acolher esses novos migrantes.<\/p>\n\n\n\n<p>Sobre as a\u00e7\u00f5es que est\u00e3o sendo realizadas a n\u00edvel log\u00edstico e de articula\u00e7\u00e3o entre os membros da <strong>RED CLAMOR<\/strong> e para acolher os migrantes transcontinentais, explica Ir Ligia<em>: \u201cYo veo muy fundamental nuestro carisma scalabriniano junto con los padres, aqu\u00ed estamos en clave de trabajo juntos, trabajo sinodal, y as\u00ed es que queremos hacerlo, desde la <strong>RED CLAMOR,<\/strong> desde las otras \u00e1reas de pastoral social, inclusive ecum\u00e9nicamente, ya que la iglesia bautista y otras instancias se est\u00e1n sumando cada momento, cada vez m\u00e1s\u201d.<\/em><\/p>\n\n\n\n<p>Apesar das limita\u00e7\u00f5es de recursos humanos e financeiros, a Miss\u00e3o San Juan Bautista Scalabrini expressa seu compromisso diante da emerg\u00eancia e denuncia mais uma vez as pol\u00edticas anti migra\u00e7\u00e3o dos Estados Unidos e de pa\u00edses que os apoiam. Ao mesmo tempo, somamos esfor\u00e7os e articula\u00e7\u00f5es para solidariedade e incid\u00eancia, para que juntos, m\u00eddia e sociedade como um todo, sejamos capazes de impactar.<\/p>","protected":false},"featured_media":25079,"parent":0,"template":"","categories":[16,59],"class_list":["post-25078","csem_em_foco","type-csem_em_foco","status-publish","has-post-thumbnail","hentry","category-csem-em-foco","category-destaque-csem-em-foco"],"acf":[],"_links":{"self":[{"href":"https:\/\/www.csem.org.br\/es\/wp-json\/wp\/v2\/csem_em_foco\/25078","targetHints":{"allow":["GET"]}}],"collection":[{"href":"https:\/\/www.csem.org.br\/es\/wp-json\/wp\/v2\/csem_em_foco"}],"about":[{"href":"https:\/\/www.csem.org.br\/es\/wp-json\/wp\/v2\/types\/csem_em_foco"}],"wp:featuredmedia":[{"embeddable":true,"href":"https:\/\/www.csem.org.br\/es\/wp-json\/wp\/v2\/media\/25079"}],"wp:attachment":[{"href":"https:\/\/www.csem.org.br\/es\/wp-json\/wp\/v2\/media?parent=25078"}],"wp:term":[{"taxonomy":"category","embeddable":true,"href":"https:\/\/www.csem.org.br\/es\/wp-json\/wp\/v2\/categories?post=25078"}],"curies":[{"name":"wp","href":"https:\/\/api.w.org\/{rel}","templated":true}]}}