{"id":24679,"date":"2024-12-02T14:53:15","date_gmt":"2024-12-02T17:53:15","guid":{"rendered":"https:\/\/www.csem.org.br\/?post_type=csem_em_foco&#038;p=24679"},"modified":"2024-12-02T14:54:08","modified_gmt":"2024-12-02T17:54:08","slug":"3-de-dezembro-dia-da-pessoa-com-deficiencia","status":"publish","type":"csem_em_foco","link":"https:\/\/www.csem.org.br\/es\/csem_em_foco\/3-de-dezembro-dia-da-pessoa-com-deficiencia\/","title":{"rendered":"3 DE DICIEMBRE: D\u00cdA DE LOS DISCAPACITADOS"},"content":{"rendered":"<p>El 3 de diciembre es el D\u00eda Internacional de las Personas con Discapacidad. En esta ocasi\u00f3n, como Centro Scalabriniano de Estudios sobre Migraciones (CSEM), nos gustar\u00eda proponer una breve reflexi\u00f3n sobre la relaci\u00f3n entre migraci\u00f3n\/refugio y discapacidad.<\/p>\n\n\n\n<p>En primer lugar, la discapacidad puede ser un <em>causa de la migraci\u00f3n<\/em>. Las personas con alg\u00fan tipo de discapacidad pueden verse abocadas a emigrar con sus familias a lugares donde la atenci\u00f3n y las terapias sean m\u00e1s adecuadas y est\u00e9n m\u00e1s disponibles. En un mundo globalizado, este tipo de migraci\u00f3n no es infrecuente.<\/p>\n\n\n\n<p>Sin embargo, el v\u00ednculo m\u00e1s com\u00fan es la discapacidad como <em>consecuencia de conflictos armados o violaciones generalizadas de los derechos humanos<\/em> en el pa\u00eds de origen e incluso en los pa\u00edses de tr\u00e1nsito. Muchas personas huidas pasan por experiencias tr\u00e1gicas y traum\u00e1ticas que dejan profundas cicatrices psicof\u00edsicas.<\/p>\n\n\n\n<p>En la actualidad, el CSEM est\u00e1 estudiando espec\u00edficamente el caso de las mujeres hondure\u00f1as que han regresado a su pa\u00eds con discapacidades, principalmente tras los accidentes provocados en M\u00e9xico por el tren conocido como La Bestia. En este caso, algunas hablan expl\u00edcitamente de \u201c<em>construcci\u00f3n social de los riesgos en la migraci\u00f3n<\/em>\u201c, porque las personas tienen m\u00e1s probabilidades de sufrir alg\u00fan tipo de accidente en determinadas rutas impuestas por unas pol\u00edticas migratorias cada vez m\u00e1s r\u00edgidas, seguras y externalizadas.<\/p>\n\n\n\n<p>Por \u00faltimo, queremos destacar c\u00f3mo la persona discapacitada migrante, refugiada o retornada, a pesar de los accidentes, la violencia y los traumas que ha sufrido, tiene <em>la posibilidad de reclamar sus derechos<\/em>, De este modo, pueden demostrar su capacidad de agencia, no s\u00f3lo en la b\u00fasqueda de la inclusi\u00f3n social, sino tambi\u00e9n a favor de la construcci\u00f3n de una sociedad m\u00e1s justa y solidaria.<\/p>\n\n\n\n<p>Lea la publicaci\u00f3n del CSEM:&nbsp;<br>Tu\u00edla Botega<em>. La Pastoral de la Movilidad Humana y los Migrantes Retornados con Discapacidad. Construir caminos hacia la reintegraci\u00f3n<\/em>o. Brasilia: CSEM, 2023&nbsp;<a href=\"https:\/\/www.csem.org.br\/es\/livros\/a-pastoral-da-mobilidade-humana-e-os-migrantes-retornados-com-deficiencia-construindo-caminhos-para-a-reintegracao\/\" target=\"_blank\" rel=\"noreferrer noopener\">ENLACE<\/a><\/p>","protected":false},"featured_media":24680,"parent":0,"template":"","categories":[],"class_list":["post-24679","csem_em_foco","type-csem_em_foco","status-publish","has-post-thumbnail","hentry"],"acf":[],"_links":{"self":[{"href":"https:\/\/www.csem.org.br\/es\/wp-json\/wp\/v2\/csem_em_foco\/24679","targetHints":{"allow":["GET"]}}],"collection":[{"href":"https:\/\/www.csem.org.br\/es\/wp-json\/wp\/v2\/csem_em_foco"}],"about":[{"href":"https:\/\/www.csem.org.br\/es\/wp-json\/wp\/v2\/types\/csem_em_foco"}],"wp:featuredmedia":[{"embeddable":true,"href":"https:\/\/www.csem.org.br\/es\/wp-json\/wp\/v2\/media\/24680"}],"wp:attachment":[{"href":"https:\/\/www.csem.org.br\/es\/wp-json\/wp\/v2\/media?parent=24679"}],"wp:term":[{"taxonomy":"category","embeddable":true,"href":"https:\/\/www.csem.org.br\/es\/wp-json\/wp\/v2\/categories?post=24679"}],"curies":[{"name":"wp","href":"https:\/\/api.w.org\/{rel}","templated":true}]}}