{"id":14175,"date":"2013-05-15T11:22:04","date_gmt":"2013-05-15T14:22:04","guid":{"rendered":"https:\/\/www.csem.org.br\/?post_type=csem_em_foco&#038;p=14175"},"modified":"2023-07-21T16:27:06","modified_gmt":"2023-07-21T19:27:06","slug":"celebrando-o-jubileu-do-csem","status":"publish","type":"csem_em_foco","link":"https:\/\/www.csem.org.br\/es\/csem_em_foco\/celebrando-o-jubileu-do-csem\/","title":{"rendered":"CELEBRANDO O JUBILEU DO CSEM"},"content":{"rendered":"<p style=\"text-align: left;\"><strong>Ir. Leoc\u00e1dia Mezzomo &#8211;\u00a0Secret\u00e1ria do CSEM<\/strong><\/p>\n<p>H\u00e1 uma grande revolu\u00e7\u00e3o se processando no campo da ci\u00eancia, da t\u00e9cnica e dos valores que vem transformando a vida humana em suas m\u00faltiplas dimens\u00f5es. Estas transforma\u00e7\u00f5es tocam tamb\u00e9m o que foi chamado de \u201cQuarto mundo\u201d, ou seja, o \u201cMundo da Mobilidade Humana\u201d. Desafios e possibilidades se mesclam e alternam, influenciando, tamb\u00e9m, o Centro Scalabriniano de Estudos Migrat\u00f3rios.<\/p>\n<p>Este contexto mobilizou a Equipe CSEM que, em seu jubileu de prata, quis continuar sua miss\u00e3o de ser consci\u00eancia do fen\u00f4meno migrat\u00f3rio organizando um Curso de extens\u00e3o como um modo de contribuir para que sejam mais reconhecidos e, consequentemente, mais respeitados os Direitos Humanos dos que migram, seja na migra\u00e7\u00e3o interna, bem como internacional: emigra\u00e7\u00e3o, imigra\u00e7\u00e3o e retornados.<\/p>\n<p>O curso iniciou-se com um\u00a0<strong>Semin\u00e1rio sobre a Mobilidade Humana no Distrito Federal<\/strong>, nos dias 05 e 06 de abril. Foram tr\u00eas mesas-redondas versando sobre diversos argumentos ligados \u00e0 tem\u00e1tica geral: Migra\u00e7\u00f5es na atualidade, desafios e perspectivas; Migra\u00e7\u00f5es no Distrito Federal, desafios e possibilidades; Contextualiza\u00e7\u00e3o das migra\u00e7\u00f5es internas com foco em Bras\u00edlia\/DF; Fluxos migrat\u00f3rios no DF e Entorno; Organiza\u00e7\u00e3o do espa\u00e7o e as migra\u00e7\u00f5es no DF; Migra\u00e7\u00f5es internacionais no DF: o caso das imigrantes peruanas.<\/p>\n<p>Esse semin\u00e1rio deu aos participantes a possibilidade de aprofundar o tema dos movimentos migrat\u00f3rios no territ\u00f3rio do Distrito Federal. Ficaram evidentes os desafios de implementa\u00e7\u00e3o de pol\u00edticas p\u00fablicas que sirvam de suporte, particularmente, aos migrantes que chegam desprovidos de m\u00e3o de obra qualificada e marcados por uma gama de car\u00eancias em sua terra de origem.<\/p>\n<p>Nos quatro s\u00e1bados seguintes o curso de extens\u00e3o aprofundou as seguintes tem\u00e1ticas: Mulher migrante; Migra\u00e7\u00f5es for\u00e7adas; Tr\u00e1fico de pessoas e Novos fluxos migrat\u00f3rios.<\/p>\n<p>E para concluir o curso, foi realizado outro Semin\u00e1rio sobre\u00a0<strong>Migra\u00e7\u00f5es internacionais<\/strong>, durante os dias 10 e 11 de maio, com a organiza\u00e7\u00e3o de tr\u00eas mesas-redondas que enfatizaram alguns aspectos ligados \u00e0 migra\u00e7\u00e3o internacional no Brasil:<\/p>\n<ul>\n<li>A grande transi\u00e7\u00e3o urbana: potencialidades e desafios;<\/li>\n<li>Migra\u00e7\u00f5es internacionais: desafios e perspectivas;<\/li>\n<li>Migra\u00e7\u00f5es internacionais e tr\u00e1fico de pessoas;<\/li>\n<li>Integra\u00e7\u00e3o dos migrantes internacionais: o caso dos haitianos em Manaus;<\/li>\n<li>As novas configura\u00e7\u00f5es das migra\u00e7\u00f5es internacionais;<\/li>\n<li>Migra\u00e7\u00e3o internacional de retorno;<\/li>\n<li>Migra\u00e7\u00e3o internacional no Brasil a partir do censo de 2010.<\/li>\n<\/ul>\n<p>O Semin\u00e1rio contou com a participa\u00e7\u00e3o de 55 pessoas. A escolha das tem\u00e1ticas e dos assessores deu a oportunidade de ter um leque de enfoques que tornaram a tem\u00e1tica interessante para os participantes. Evidenciou-se que as migra\u00e7\u00f5es, em torno do mundo, bem como no Brasil s\u00e3o, prioritariamente, de cunho econ\u00f4mico: uma forma de buscar melhores condi\u00e7\u00f5es de vida em algum \u2018El Dorado\u2019.<\/p>\n<p>O fato de o Brasil figurar como 6\u00aa pot\u00eancia econ\u00f4mica mundial funciona como um verdadeiro \u00edm\u00e3 de atra\u00e7\u00e3o para a entrada de novos imigrantes latinos, mas tamb\u00e9m europeus. Urge uma Lei de Migra\u00e7\u00f5es mais humana respeitosa dos direitos de todos os que batem \u00e0 porta de nosso pa\u00eds&#8230; e mesmo para aqueles que \u2018entram sem bater\u2019, como est\u00e1 acontecendo, especialmente, nas fronteiras secas do Estado brasileiro!<\/p>\n<p>&nbsp;<\/p>\n<p><img fetchpriority=\"high\" decoding=\"async\" class=\"alignleft size-600 wp-image-14176\" src=\"https:\/\/www.csem.org.br\/wp-content\/uploads\/2018\/08\/P1230596-600x450.jpg\" alt=\"\" width=\"600\" height=\"450\" title=\"\"><\/p>","protected":false},"featured_media":14156,"parent":0,"template":"","categories":[38],"class_list":["post-14175","csem_em_foco","type-csem_em_foco","status-publish","has-post-thumbnail","hentry","category-38"],"acf":[],"_links":{"self":[{"href":"https:\/\/www.csem.org.br\/es\/wp-json\/wp\/v2\/csem_em_foco\/14175","targetHints":{"allow":["GET"]}}],"collection":[{"href":"https:\/\/www.csem.org.br\/es\/wp-json\/wp\/v2\/csem_em_foco"}],"about":[{"href":"https:\/\/www.csem.org.br\/es\/wp-json\/wp\/v2\/types\/csem_em_foco"}],"wp:featuredmedia":[{"embeddable":true,"href":"https:\/\/www.csem.org.br\/es\/wp-json\/wp\/v2\/media\/14156"}],"wp:attachment":[{"href":"https:\/\/www.csem.org.br\/es\/wp-json\/wp\/v2\/media?parent=14175"}],"wp:term":[{"taxonomy":"category","embeddable":true,"href":"https:\/\/www.csem.org.br\/es\/wp-json\/wp\/v2\/categories?post=14175"}],"curies":[{"name":"wp","href":"https:\/\/api.w.org\/{rel}","templated":true}]}}