{"id":24679,"date":"2024-12-02T14:53:15","date_gmt":"2024-12-02T17:53:15","guid":{"rendered":"https:\/\/www.csem.org.br\/?post_type=csem_em_foco&#038;p=24679"},"modified":"2024-12-02T14:54:08","modified_gmt":"2024-12-02T17:54:08","slug":"3-de-dezembro-dia-da-pessoa-com-deficiencia","status":"publish","type":"csem_em_foco","link":"https:\/\/www.csem.org.br\/en\/csem_em_foco\/3-de-dezembro-dia-da-pessoa-com-deficiencia\/","title":{"rendered":"3 DE DEZEMBRO: DIA DA PESSOA COM DEFICI\u00caNCIA"},"content":{"rendered":"<p>No dia 3 de dezembro \u00e9 comemorado o Dia internacional das Pessoas com Defici\u00eancia. Nesta ocasi\u00e3o, como Centro Scalabriniano de Estudos Migrat\u00f3rios (CSEM), queremos propor uma breve reflex\u00e3o sobre a rela\u00e7\u00e3o entre migra\u00e7\u00f5es\/ref\u00fagio e defici\u00eancia.<\/p>\n\n\n\n<p>Em primeiro lugar a defici\u00eancia pode ser uma <em>causa da migra\u00e7\u00e3o<\/em>. Pessoas com algum tipo de defici\u00eancia podem ser levadas a migrar, com seus familiares, para lugares onde o atendimento e as terapias s\u00e3o mais apropriados e dispon\u00edveis. Num mundo globalizado, esse tipo de migra\u00e7\u00e3o n\u00e3o \u00e9 raro.<\/p>\n\n\n\n<p>No entanto, o nexo mais comum \u00e9 a defici\u00eancia como <em>consequ\u00eancia de conflitos armados ou viola\u00e7\u00f5es generalizadas de direitos humanos<\/em> no pa\u00eds de origem e, inclusive, nos pa\u00edses de tr\u00e2nsito. Muitas pessoas em fuga passam por experi\u00eancias tr\u00e1gicas e traum\u00e1ticas que deixam profundas marcas psicof\u00edsicas.<\/p>\n\n\n\n<p>Atualmente, o CSEM vem estudando, especificamente, o caso de mulheres hondurenhas que retornaram no pr\u00f3prio pa\u00eds com alguma defici\u00eancia, principalmente ap\u00f3s acidentes provocados no M\u00e9xico pelo trem conhecido como La Bestia. Neste caso, h\u00e1 quem fala explicitamente em &#8220;<em>constru\u00e7\u00e3o social dos riscos em migra\u00e7\u00e3o<\/em>&#8220;, pois as pessoas t\u00eam maior possibilidade de sofrer algum tipo de acidente em determinadas rotas impostas pelas pol\u00edticas migrat\u00f3rias cada vez mais r\u00edgidas, securit\u00e1rias e externalizadas.<\/p>\n\n\n\n<p>Finalmente queremos ressaltar como a pessoa com defici\u00eancia migrante, refugiada ou retornada, apesar dos acidentes, viol\u00eancias e traumas sofridos, possuem <em>a potencialidade de reivindicar seus diretos<\/em>, ainda que pela exposi\u00e7\u00e3o de sua dor e sofrimento, ou de seus corpos feridos, demonstrando sua capacidade de ag\u00eancia n\u00e3o apenas em busca de inclus\u00e3o social, mas tamb\u00e9m em prol da constru\u00e7\u00e3o de uma sociedade mais justa e solid\u00e1ria.<\/p>\n\n\n\n<p>Leia a publica\u00e7\u00e3o do CSEM:&nbsp;<br>Tu\u00edla Botega<em>. A Pastoral da Mobilidade Humana e os Migrantes retornados com defici\u00eancia. Construindo caminhos para a reintegra\u00e7\u00e3<\/em>o. Bras\u00edlia: CSEM, 2023&nbsp;<a href=\"https:\/\/www.csem.org.br\/en\/livros\/a-pastoral-da-mobilidade-humana-e-os-migrantes-retornados-com-deficiencia-construindo-caminhos-para-a-reintegracao\/\" target=\"_blank\" rel=\"noreferrer noopener\">LINK<\/a><\/p>","protected":false},"featured_media":24680,"parent":0,"template":"","categories":[],"class_list":["post-24679","csem_em_foco","type-csem_em_foco","status-publish","has-post-thumbnail","hentry"],"acf":[],"_links":{"self":[{"href":"https:\/\/www.csem.org.br\/en\/wp-json\/wp\/v2\/csem_em_foco\/24679","targetHints":{"allow":["GET"]}}],"collection":[{"href":"https:\/\/www.csem.org.br\/en\/wp-json\/wp\/v2\/csem_em_foco"}],"about":[{"href":"https:\/\/www.csem.org.br\/en\/wp-json\/wp\/v2\/types\/csem_em_foco"}],"wp:featuredmedia":[{"embeddable":true,"href":"https:\/\/www.csem.org.br\/en\/wp-json\/wp\/v2\/media\/24680"}],"wp:attachment":[{"href":"https:\/\/www.csem.org.br\/en\/wp-json\/wp\/v2\/media?parent=24679"}],"wp:term":[{"taxonomy":"category","embeddable":true,"href":"https:\/\/www.csem.org.br\/en\/wp-json\/wp\/v2\/categories?post=24679"}],"curies":[{"name":"wp","href":"https:\/\/api.w.org\/{rel}","templated":true}]}}