{"id":14332,"date":"2016-11-29T11:09:53","date_gmt":"2016-11-29T13:09:53","guid":{"rendered":"https:\/\/www.csem.org.br\/?post_type=csem_em_foco&#038;p=14332"},"modified":"2023-07-21T16:25:02","modified_gmt":"2023-07-21T19:25:02","slug":"remhu-48-mobilizacoes-de-migrantes-e-refugiados","status":"publish","type":"csem_em_foco","link":"https:\/\/www.csem.org.br\/en\/csem_em_foco\/remhu-48-mobilizacoes-de-migrantes-e-refugiados\/","title":{"rendered":"REMHU 48: Mobilizations of migrants and refugees"},"content":{"rendered":"<p>Acaba de ser publicado o n. 48 da REMHU, Revista Interdisciplinar da Mobilidade Humana com um dossi\u00ea sobre o tema: &#8220;<em>Social movements and mobilizations of migrants and refugees<\/em>&#8220;. Todos os artigos est\u00e3o dispon\u00edveis no site SciELO Brasil (www.scielo.br\/remhu).<\/p>\n<p>Check out the summary below:<\/p>\n<p><strong>EDITORIAL<\/strong><\/p>\n<p class=\"Sumrio-Sees\"><a href=\"http:\/\/dx.doi.org\/10.1590\/1980-85852503880004801\" target=\"_blank\" rel=\"noopener\">Mobiliza\u00e7\u00f5es de migrantes e refugiados: as lutas pela visibilidade e pelo reconhecimento<\/a>\u00a0- Roberto Marinucci<\/p>\n<p class=\"Sumrio-Sees\"><strong>DOSSI\u00ca: \u201cMOVIMENTOS SOCIAIS E MOBILIZA\u00c7\u00d5ES DE MIGRANTES E REFUGIADOS\u201d<\/strong><\/p>\n<p class=\"Sumrio-ttuloartigos\" align=\"left\"><a href=\"http:\/\/dx.doi.org\/10.1590\/1980-85852503880004802\" target=\"_blank\" rel=\"noopener\">Exponer lo disimulado. Los alcances de las movilizaciones de personas indocumentadas en Francia<\/a>\u00a0-<em>\u00a0Valentine Le Borgne de Boisriou<\/em><\/p>\n<p class=\"Sumrio-ttuloartigos\" align=\"left\"><a href=\"http:\/\/dx.doi.org\/10.1590\/1980-85852503880004803\" target=\"_blank\" rel=\"noopener\">Luchas migrantes en contextos de tr\u00e1nsito migratorio, el caso del movimiento migrante centroamericano<\/a>\u00a0-<em>\u00a0Amarela Varela Huerta<\/em><\/p>\n<p class=\"Sumrio-ttuloartigos\" align=\"left\"><a href=\"http:\/\/dx.doi.org\/10.1590\/1980-85852503880004804\" target=\"_blank\" rel=\"noopener\">Mem\u00f3rias de luta: Brasileiros no Exterior (1993-2010)<\/a>\u00a0-<em>\u00a0Bela Feldman-Bianco<\/em><\/p>\n<p class=\"Sumrio-ttuloartigos\" align=\"left\"><a href=\"http:\/\/dx.doi.org\/10.1590\/1980-85852503880004805\" target=\"_blank\" rel=\"noopener\">Enfrentando el racismo institucional. An\u00e1lisis de dos casos de migrantes senegaleses en Argentina (2012-2016)<\/a>\u00a0-\u00a0<em>Mar\u00eda Luz Espiro, Sonia Voscoboinik, Bernarda Zubrzycki<\/em><\/p>\n<p class=\"Sumrio-ttuloartigos\" align=\"left\"><a href=\"http:\/\/dx.doi.org\/10.1590\/1980-85852503880004806\" target=\"_blank\" rel=\"noopener\">Tra sfruttamento e protesta: i migranti e il caporalato agricolo in Italia Meridionale\u00a0<\/a>-<em>\u00a0Angelo Scotto<\/em><\/p>\n<p class=\"Sumrio-ttuloartigos\" align=\"left\"><a href=\"http:\/\/dx.doi.org\/10.1590\/1980-85852503880004807\" target=\"_blank\" rel=\"noopener\">Proteste ed emancipazione alla frontiera europea. Il caso di Lampedusa\u00a0<\/a>-\u00a0<em>Annalisa Lendaro<\/em><\/p>\n<p class=\"Sumrio-ttuloartigos\" align=\"left\"><a href=\"http:\/\/dx.doi.org\/10.1590\/1980-85852503880004808\" target=\"_blank\" rel=\"noopener\">Undoing citizenship. Undocumented queer activism and practices of rights<\/a>\u00a0-\u00a0<em>Mara Pieri<\/em><\/p>\n<p class=\"Sumrio-Sees\"><strong>ARTIGOS<\/strong><\/p>\n<p class=\"Sumrio-ttuloartigos\" align=\"left\"><a href=\"http:\/\/dx.doi.org\/10.1590\/1980-85852503880004809\" target=\"_blank\" rel=\"noopener\">Acceso y calidad del empleo de la inmigraci\u00f3n reciente en Uruguay<\/a>\u00a0-<em>\u00a0Victoria Prieto, Sof\u00eda Robaina, Mart\u00edn Koolhaas<\/em><\/p>\n<p class=\"Sumrio-ttuloartigos\" align=\"left\"><a href=\"http:\/\/dx.doi.org\/10.1590\/1980-85852503880004810\" target=\"_blank\" rel=\"noopener\">Migraciones calificadas: el caso de las colombianas en Buenos Aies<\/a>\u00a0-<em>\u00a0Alessandra Ciurlo, Diana Couto-M\u00e1rmora, M\u00f3nica Santagata<\/em><\/p>\n<p class=\"Sumrio-ttuloartigos\" align=\"left\"><a href=\"http:\/\/dx.doi.org\/10.1590\/1980-85852503880004811\" target=\"_blank\" rel=\"noopener\">Respostas ao tr\u00e1fico no Norte Global: o caso de Portugal e Espanha<\/a>\u00a0-\u00a0<em>Julie Lima de P\u00e9rez<\/em><\/p>\n<p class=\"Sumrio-ttuloartigos\"><a href=\"http:\/\/dx.doi.org\/10.1590\/1980-85852503880004812\" target=\"_blank\" rel=\"noopener\">O protagonismo de mulheres imigrantes na constru\u00e7\u00e3o de redes sociais para o fortalecimento identit\u00e1rio<\/a>\u00a0-\u00a0<em>Camila Escudero<\/em><\/p>\n<p class=\"Sumrio-Sees\"><strong>RELATOS E REFLEX\u00d5ES<\/strong><\/p>\n<p class=\"Sumrio-ttuloartigos\" align=\"left\"><a href=\"http:\/\/dx.doi.org\/10.1590\/1980-85852503880004813\" target=\"_blank\" rel=\"noopener\">Il magistero dei migranti\u00a0<\/a>-<em>\u00a0Lidia Maggi<\/em><\/p>\n<p class=\"Sumrio-ttuloartigos\" align=\"left\"><a href=\"http:\/\/dx.doi.org\/10.1590\/1980-85852503880004814\" target=\"_blank\" rel=\"noopener\">Um olhar sobre as rela\u00e7\u00f5es humanas em uma entrevista de ref\u00fagio<\/a>\u00a0-<em>\u00a0Hannah Waisman, Giulianna Serricella<\/em><\/p>\n<p class=\"Sumrio-Sees\"><strong>REVIEWS, THESES AND DISSERTATIONS\u00a0<\/strong><\/p>\n<p class=\"Sumrio-ttuloartigos\"><a href=\"http:\/\/dx.doi.org\/10.1590\/1980-85852503880004815\" target=\"_blank\" rel=\"noopener\">A inven\u00e7\u00e3o da brasilidade. Identidade nacional, etnicidade e pol\u00edticas de imigra\u00e7\u00e3o, por Jeffrey Lesser<\/a>\u00a0-\u00a0<em>Mar\u00eda Del Carmen Villarreal Villamar<\/em><\/p>\n<p class=\"Sumrio-ttuloartigos\"><em><img fetchpriority=\"high\" decoding=\"async\" class=\"size-400 wp-image-14333 aligncenter\" src=\"https:\/\/www.csem.org.br\/wp-content\/uploads\/2018\/08\/Capa_48_Grafica_FINAL-400x586.jpg\" alt=\"\" width=\"400\" height=\"586\" title=\"\"><\/em><\/p>","protected":false},"featured_media":0,"parent":0,"template":"","categories":[41],"class_list":["post-14332","csem_em_foco","type-csem_em_foco","status-publish","hentry","category-41"],"acf":[],"_links":{"self":[{"href":"https:\/\/www.csem.org.br\/en\/wp-json\/wp\/v2\/csem_em_foco\/14332","targetHints":{"allow":["GET"]}}],"collection":[{"href":"https:\/\/www.csem.org.br\/en\/wp-json\/wp\/v2\/csem_em_foco"}],"about":[{"href":"https:\/\/www.csem.org.br\/en\/wp-json\/wp\/v2\/types\/csem_em_foco"}],"wp:attachment":[{"href":"https:\/\/www.csem.org.br\/en\/wp-json\/wp\/v2\/media?parent=14332"}],"wp:term":[{"taxonomy":"category","embeddable":true,"href":"https:\/\/www.csem.org.br\/en\/wp-json\/wp\/v2\/categories?post=14332"}],"curies":[{"name":"wp","href":"https:\/\/api.w.org\/{rel}","templated":true}]}}