{"id":14250,"date":"2014-12-08T14:59:11","date_gmt":"2014-12-08T16:59:11","guid":{"rendered":"https:\/\/www.csem.org.br\/?post_type=csem_em_foco&#038;p=14250"},"modified":"2023-07-21T16:26:08","modified_gmt":"2023-07-21T19:26:08","slug":"lancamento-do-livro-vidas-em-transito","status":"publish","type":"csem_em_foco","link":"https:\/\/www.csem.org.br\/en\/csem_em_foco\/lancamento-do-livro-vidas-em-transito\/","title":{"rendered":"Launch of the book Lives in transit"},"content":{"rendered":"<p>No dia 25 de novembro aconteceu o lan\u00e7amento do livro\u00a0<strong>Vidas em tr\u00e2nsito: conhecer e refletir na perspectiva da mobilidade humana<\/strong>, no Instituto de Ci\u00eancias Sociais da Universidade de Bras\u00edlia.<\/p>\n<p>O evento foi organizado pelo Centro Scalabriniano de Estudos Migrat\u00f3rios \u2013 CSEM, em parceria com o Observat\u00f3rio das Migra\u00e7\u00f5es internacionais \u2013 Obmigra, e contou com a participa\u00e7\u00e3o do Prof. Dr. Sadi Del Rosso \u2013 Diretor do Instituto de Ci\u00eancias Sociais, Prof. Dr. Brasilmar Ferreira Nunes (SOL\/UnB), Prof. Dr. Leonardo Cavalcanti (CEPPAC\/UnB) e Tu\u00edla Botega (CSEM). Al\u00e9m disso, estiveram presentes alunos, pesquisadores e interessados na tem\u00e1tica migrat\u00f3ria.<\/p>\n<p><img fetchpriority=\"high\" decoding=\"async\" class=\"alignleft wp-image-14251 size-medium\" src=\"https:\/\/www.csem.org.br\/wp-content\/uploads\/2018\/08\/Capa_Vidas_em_transito-252x360.jpg\" alt=\"\" width=\"252\" height=\"360\" title=\"\">A publica\u00e7\u00e3o organizada pela Ir. Terezinha Santin e Tu\u00edla Botega \u2013 membros da equipe do CSEM \u2013 e publicada pela editora PUC\/RS busca refletir sobre a mobilidade humana a partir de um enfoque multi e interdisciplinar, contemplado abordagens demogr\u00e1ficas, sociol\u00f3gicas, antropol\u00f3gicas, geogr\u00e1ficas, hist\u00f3rica e teol\u00f3gica.<\/p>\n<p>A obra \u00e9 fruto do Curso de Extens\u00e3o de mesmo nome realizado em 2013 pelo CSEM em parceria com o PPG-CEPPAC e o PPG-DSCI da Universidade de Bras\u00edlia. Por essa raz\u00e3o, abarca a dimens\u00e3o das migra\u00e7\u00f5es internas \u2013 com destaque para a realidade do Distrito Federal e Entorno \u2013 e das migra\u00e7\u00f5es internacionais em geral e para o Brasil. Ganham destaque os enfoques de g\u00eanero, a dimens\u00e3o religiosa e a discuss\u00e3o sobre a inser\u00e7\u00e3o de imigrantes no local de chegada, entre outros.<\/p>\n<p>Os interessados em adquirir o livro podem entrar em contato com o CSEM pelo email:\u00a0<a href=\"mailto:csem@csem.org.br\">csem@csem.org.br<\/a>\u00a0.<\/p>\n<p>Check out the index:<\/p>\n<p><strong>1. Quais localidades t\u00eam atra\u00eddo mais os nordestinos com diferentes graus de escolaridade nas \u00faltimas d\u00e9cadas?<\/strong><br \/>\nHerton Ellery Ara\u00fajo, Ana Luiza Machado de Codes, Larissa de Morais Pinto e Agnes de Fran\u00e7a Serrano<br \/>\n<strong>2.<\/strong>\u00a0<strong>Contextualiza\u00e7\u00e3o das migra\u00e7\u00f5es internas com foco no Distrito Federal<\/strong><br \/>\nSidnei Marco Dornelas<br \/>\n<strong>3. Organiza\u00e7\u00e3o do espa\u00e7o urbano e migra\u00e7\u00f5es para o Distrito Federal: evolu\u00e7\u00e3o e tend\u00eancias<\/strong><br \/>\nAldo Paviani<br \/>\n<strong>4. Para al\u00e9m do estigma e da discrimina\u00e7\u00e3o: trabalhadoras dom\u00e9sticas peruanas em Bras\u00edlia<\/strong><br \/>\nDelia Dutra<br \/>\n<strong>5. Migra\u00e7\u00e3o feminina: um debate te\u00f3rico e metodol\u00f3gico no \u00e2mbito dos estudos de g\u00eanero<\/strong><br \/>\nRoberta Peres Guimar\u00e3es e Rosana Baeninger<br \/>\n<strong>6. As migra\u00e7\u00f5es dos fi\u00e9is e a mobilidade dos sistemas religiosos<\/strong><br \/>\nRoberto Marinucci<br \/>\n<strong>7. O imigrante e o direito \u00e0 indiferen\u00e7a: algumas quest\u00f5es te\u00f3ricas<\/strong><br \/>\nBrasilmar Ferreira Nunes e Leonardo Cavalcanti<br \/>\n<strong>8. Associativismo imigrante: uma reflex\u00e3o antropol\u00f3gica sobre media\u00e7\u00e3o e lideran\u00e7a em contexto migrat\u00f3rio<\/strong><br \/>\nAlessandra Siqueira Barreto<br \/>\n<strong>9. De \u201crefugiados\u201d a imigrantes: desafios \u00e0 inser\u00e7\u00e3o sociocultural dos haitianos em Manaus<\/strong><br \/>\nSidney Silva<\/p>","protected":false},"featured_media":0,"parent":0,"template":"","categories":[39],"class_list":["post-14250","csem_em_foco","type-csem_em_foco","status-publish","hentry","category-39"],"acf":[],"_links":{"self":[{"href":"https:\/\/www.csem.org.br\/en\/wp-json\/wp\/v2\/csem_em_foco\/14250","targetHints":{"allow":["GET"]}}],"collection":[{"href":"https:\/\/www.csem.org.br\/en\/wp-json\/wp\/v2\/csem_em_foco"}],"about":[{"href":"https:\/\/www.csem.org.br\/en\/wp-json\/wp\/v2\/types\/csem_em_foco"}],"wp:attachment":[{"href":"https:\/\/www.csem.org.br\/en\/wp-json\/wp\/v2\/media?parent=14250"}],"wp:term":[{"taxonomy":"category","embeddable":true,"href":"https:\/\/www.csem.org.br\/en\/wp-json\/wp\/v2\/categories?post=14250"}],"curies":[{"name":"wp","href":"https:\/\/api.w.org\/{rel}","templated":true}]}}