{"id":14208,"date":"2014-01-22T13:56:07","date_gmt":"2014-01-22T15:56:07","guid":{"rendered":"https:\/\/www.csem.org.br\/?post_type=csem_em_foco&#038;p=14208"},"modified":"2023-07-21T16:26:30","modified_gmt":"2023-07-21T19:26:30","slug":"oficina-de-mobilizacao-do-df-para-a-comigrar","status":"publish","type":"csem_em_foco","link":"https:\/\/www.csem.org.br\/en\/csem_em_foco\/oficina-de-mobilizacao-do-df-para-a-comigrar\/","title":{"rendered":"Oficina de Mobiliza\u00e7\u00e3o do DF para a COMIGRAR"},"content":{"rendered":"<p>Ocorreu no \u00faltimo dia 16 de janeiro a Oficina de Mobiliza\u00e7\u00e3o do Distrito Federal em prepara\u00e7\u00e3o \u00e0 1\u00aa Confer\u00eancia Nacional sobre Migra\u00e7\u00f5es e Ref\u00fagio (COMIGRAR). O evento foi organizado pelo Centro Scalabriniano de Estudos Migrat\u00f3rios (CSEM), o Instituto Migra\u00e7\u00f5es e Direitos Humanos (IMDH), a Comiss\u00e3o Justi\u00e7a e Paz da Arquidiocese de Bras\u00edlia (CJP), a Ordem dos Advogados do Brasil (OAB\/DF), a Secretaria de Estado de Desenvolvimento Social e Transfer\u00eancia de Renda (SEDEST), a Secretaria de Justi\u00e7a, Direitos Humanos e Cidadania do Distrito Federal (SEJUS) e a Pastoral dos Migrantes da Arquidiocese de Bras\u00edlia (PAMIG).<\/p>\n<p>&nbsp;<\/p>\n<figure id=\"attachment_14209\" aria-describedby=\"caption-attachment-14209\" style=\"width: 600px\" class=\"wp-caption alignleft\"><img fetchpriority=\"high\" decoding=\"async\" class=\"size-600 wp-image-14209\" src=\"https:\/\/www.csem.org.br\/wp-content\/uploads\/2018\/08\/P1160066-600x450.jpg\" alt=\"\" width=\"600\" height=\"450\" title=\"\"><figcaption id=\"caption-attachment-14209\" class=\"wp-caption-text\">OLYMPUS DIGITAL CAMERA<\/figcaption><\/figure>\n<p>A Oficina aconteceu na Casa de Retiros Assun\u00e7\u00e3o e contou com a presen\u00e7a de aproximadamente 30 pessoas de diversas institui\u00e7\u00f5es.<\/p>\n<p>Ministrado por Of\u00e9lia Ferreira (Organizadora da 1\u00aa COMIGRAR) e Jana Macedo (DEST\/MJ), a oficina envolveu dois momentos: o primeiro com a apresenta\u00e7\u00e3o da metodologia da COMIGRAR, onde tamb\u00e9m foram expostos os principais objetivos da confer\u00eancia e facilitados elementos para incentivar a realiza\u00e7\u00e3o de confer\u00eancias preparat\u00f3rias e da Confer\u00eancia do DF. Ainda nesta etapa, o contexto migrat\u00f3rio do DF foi exposto por Daniel Seidel, Secretario da SEDEST\/GDF. O segundo momento envolveu atividades nos seguintes grupos de trabalho: organiza\u00e7\u00e3o, mobiliza\u00e7\u00e3o, gest\u00e3o de informa\u00e7\u00e3o, comunica\u00e7\u00e3o\/m\u00eddia e metodologia. Os resultados de cada grupo foram apresentados e partilhados em plen\u00e1ria.<\/p>\n<p>&nbsp;<\/p>\n<p>&nbsp;<\/p>\n<p>&nbsp;<\/p>\n<p>&nbsp;<\/p>\n<p>&nbsp;<\/p>\n<p>&nbsp;<\/p>\n<p>&nbsp;<\/p>\n<p><img decoding=\"async\" class=\"alignleft size-600 wp-image-14210\" src=\"https:\/\/www.csem.org.br\/wp-content\/uploads\/2018\/08\/IMG_0008-600x450.jpg\" alt=\"\" width=\"600\" height=\"450\" title=\"\">Como resultado da Oficina, foi sinalizado, por parte do poder p\u00fablico, a convoca\u00e7\u00e3o de uma confer\u00eancia no DF sobre o tema de migra\u00e7\u00e3o e ref\u00fagio, a qual ter\u00e1 o apoio das entidades da sociedade civil que organizaram a oficina e de outras entidades que se agregaram durante o processo.<br \/>\nA 1\u00aa Confer\u00eancia Nacional sobre Migra\u00e7\u00f5es e Ref\u00fagio \u2013 COMIGRAR ocorrer\u00e1 em maio de 2014, em S\u00e3o Paulo, e abordar\u00e1 a quest\u00e3o migrat\u00f3ria no Brasil, com mobiliza\u00e7\u00e3o nacional e internacional dos diversos atores interessados no tema e na discuss\u00e3o dos conceitos centrais da pol\u00edtica migrat\u00f3ria. Para mais informa\u00e7\u00f5es sobre o evento, acesse o portal:\u00a0<a href=\"http:\/\/www.migrantes.gov.br\" target=\"_blank\" rel=\"noopener\">www.migrantes.gov.br<\/a><\/p>","protected":false},"featured_media":14156,"parent":0,"template":"","categories":[39],"class_list":["post-14208","csem_em_foco","type-csem_em_foco","status-publish","has-post-thumbnail","hentry","category-39"],"acf":[],"_links":{"self":[{"href":"https:\/\/www.csem.org.br\/en\/wp-json\/wp\/v2\/csem_em_foco\/14208","targetHints":{"allow":["GET"]}}],"collection":[{"href":"https:\/\/www.csem.org.br\/en\/wp-json\/wp\/v2\/csem_em_foco"}],"about":[{"href":"https:\/\/www.csem.org.br\/en\/wp-json\/wp\/v2\/types\/csem_em_foco"}],"wp:featuredmedia":[{"embeddable":true,"href":"https:\/\/www.csem.org.br\/en\/wp-json\/wp\/v2\/media\/14156"}],"wp:attachment":[{"href":"https:\/\/www.csem.org.br\/en\/wp-json\/wp\/v2\/media?parent=14208"}],"wp:term":[{"taxonomy":"category","embeddable":true,"href":"https:\/\/www.csem.org.br\/en\/wp-json\/wp\/v2\/categories?post=14208"}],"curies":[{"name":"wp","href":"https:\/\/api.w.org\/{rel}","templated":true}]}}